{"id":11067,"date":"2025-09-12T12:42:54","date_gmt":"2025-09-12T10:42:54","guid":{"rendered":"http:\/\/lapalma.apanymantel.info\/?page_id=11067"},"modified":"2025-09-22T12:22:53","modified_gmt":"2025-09-22T10:22:53","slug":"desayunos-a-domicilio","status":"publish","type":"page","link":"http:\/\/pastisserialapalma.com\/cat\/productos\/desayunos-a-domicilio\/","title":{"rendered":"Esmorzars a domicili"},"content":{"rendered":"<hr class=\"wp-block-separator has-text-color has-custom-calabaza-color has-alpha-channel-opacity has-custom-calabaza-background-color has-background\"\/>\n\n\n\n<div class=\"wp-block-group has-global-padding is-layout-constrained wp-container-core-group-is-layout-647a4299 wp-block-group-is-layout-constrained\" style=\"padding-right:var(--wp--preset--spacing--30);padding-left:var(--wp--preset--spacing--30)\">\n<p>A m\u00e9s de la gran quantitat de productes tant de c\u00e0tering com de pastisseria, a Pastisseria La Palma ens agrada oferir la m\u00e0xima varietat de productes perqu\u00e8 els nostres clients tinguin molta elecci\u00f3 a l'hora de fer regals d'aniversari o qualsevol altra celebraci\u00f3.<\/p>\n\n\n\n<p>Els esmorzars o berenars a domicili, s'han convertit avui dia en un regal molt habitual i molt estimat per les persones que el reben, ja que \u00e9s una cosa nova i molt adequada per a qualsevol \u00e8poca de l'any i l'ocasi\u00f3.<\/p>\n\n\n\n<p>A Pastisseria La Palma ens diferenciem, ja que oferim esmorzars elaborats al dia i artesans. Aquests esmorzars no viatgen en una furgoneta ni estan elaborats dies abans, sin\u00f3 que s'elaboren el mateix dia del lliurament i van directes del nostre obrador al domicili. Aix\u00f2 fa que siguin esmorzars deliciosos i amb una qualitat extraordin\u00e0ria.<\/p>\n\n\n\n<div class=\"wp-block-buttons is-content-justification-center is-layout-flex wp-container-core-buttons-is-layout-a89b3969 wp-block-buttons-is-layout-flex\">\n<div class=\"wp-block-button\"><a class=\"wp-block-button__link has-text-align-center wp-element-button\" href=\"https:\/\/botiga-online.pastisserialapalma.com\/@@articles?category=desayunos-a-domicilio\">Compra en l\u00ednia un esmorzar a domicili<\/a><\/div>\n<\/div>\n\n\n\n<p>A continuaci\u00f3 pots veure els esmorzars i berenars que tenim disponibles i a m\u00e9s si cliques sobre ells podr\u00e0s veure'n el preu i disponibilitat. <\/p>\n\n\n\n<figure class=\"wp-block-gallery has-nested-images columns-default is-cropped wp-block-gallery-1 is-layout-flex wp-block-gallery-is-layout-flex\">\n<figure class=\"wp-block-image size-large\"><a href=\"https:\/\/botiga-online.pastisserialapalma.com\/web-pasteles\/pastelerias\/barcelona\/pastisseria-la-palma-1\/@@articles?category=desayunos-a-domicilio&amp;article_id=desayuno-super-romantico-la-palma\" target=\"_blank\" rel=\" noreferrer noopener\"><img loading=\"lazy\" decoding=\"async\" width=\"800\" height=\"600\" data-id=\"11310\" src=\"http:\/\/lapalma.apanymantel.info\/wp-content\/uploads\/2025\/09\/Desayuno-Super-Romantico-La-Palma.jpg\" alt=\"Desayuno Super Rom\u00e1ntico La Palma\" class=\"wp-image-11310\" srcset=\"https:\/\/pastisserialapalma.com\/wp-content\/uploads\/2025\/09\/Desayuno-Super-Romantico-La-Palma.jpg 800w, https:\/\/pastisserialapalma.com\/wp-content\/uploads\/2025\/09\/Desayuno-Super-Romantico-La-Palma-300x225.jpg 300w, https:\/\/pastisserialapalma.com\/wp-content\/uploads\/2025\/09\/Desayuno-Super-Romantico-La-Palma-768x576.jpg 768w, https:\/\/pastisserialapalma.com\/wp-content\/uploads\/2025\/09\/Desayuno-Super-Romantico-La-Palma-16x12.jpg 16w\" sizes=\"auto, (max-width: 800px) 100vw, 800px\" \/><\/a><figcaption class=\"wp-element-caption\"><mark style=\"background-color:#FBFAF3\" class=\"has-inline-color has-custom-calabaza-color\">Esmorzar Super Rom\u00e0ntic La Palma<\/mark><\/figcaption><\/figure>\n\n\n\n<figure class=\"wp-block-image size-large\"><a href=\"https:\/\/botiga-online.pastisserialapalma.com\/web-pasteles\/pastelerias\/barcelona\/pastisseria-la-palma-1\/@@articles?category=desayunos-a-domicilio&amp;article_id=desayuno-romantico-la-palma\" target=\"_blank\" rel=\" noreferrer noopener\"><img loading=\"lazy\" decoding=\"async\" width=\"800\" height=\"600\" data-id=\"11309\" src=\"http:\/\/lapalma.apanymantel.info\/wp-content\/uploads\/2025\/09\/Desayuno-Romantico-La-Palma.jpg\" alt=\"Desayuno Rom\u00e1ntico La Palma\" class=\"wp-image-11309\" srcset=\"https:\/\/pastisserialapalma.com\/wp-content\/uploads\/2025\/09\/Desayuno-Romantico-La-Palma.jpg 800w, https:\/\/pastisserialapalma.com\/wp-content\/uploads\/2025\/09\/Desayuno-Romantico-La-Palma-300x225.jpg 300w, https:\/\/pastisserialapalma.com\/wp-content\/uploads\/2025\/09\/Desayuno-Romantico-La-Palma-768x576.jpg 768w, https:\/\/pastisserialapalma.com\/wp-content\/uploads\/2025\/09\/Desayuno-Romantico-La-Palma-16x12.jpg 16w\" sizes=\"auto, (max-width: 800px) 100vw, 800px\" \/><\/a><figcaption class=\"wp-element-caption\"><mark style=\"background-color:#FBFAF3\" class=\"has-inline-color has-custom-calabaza-color\">Esmorzar Rom\u00e0ntic La Palma<\/mark><\/figcaption><\/figure>\n\n\n\n<figure class=\"wp-block-image size-large\"><a href=\"https:\/\/botiga-online.pastisserialapalma.com\/web-pasteles\/pastelerias\/barcelona\/pastisseria-la-palma-1\/@@articles?category=desayunos-a-domicilio&amp;article_id=desayuno-la-palma-vegetariano\" target=\"_blank\" rel=\" noreferrer noopener\"><img loading=\"lazy\" decoding=\"async\" width=\"800\" height=\"600\" data-id=\"11308\" src=\"http:\/\/lapalma.apanymantel.info\/wp-content\/uploads\/2025\/09\/Desayuno-La-Palma-Vegetariano.jpg\" alt=\"Desayuno La Palma Vegetariano\" class=\"wp-image-11308\" srcset=\"https:\/\/pastisserialapalma.com\/wp-content\/uploads\/2025\/09\/Desayuno-La-Palma-Vegetariano.jpg 800w, https:\/\/pastisserialapalma.com\/wp-content\/uploads\/2025\/09\/Desayuno-La-Palma-Vegetariano-300x225.jpg 300w, https:\/\/pastisserialapalma.com\/wp-content\/uploads\/2025\/09\/Desayuno-La-Palma-Vegetariano-768x576.jpg 768w, https:\/\/pastisserialapalma.com\/wp-content\/uploads\/2025\/09\/Desayuno-La-Palma-Vegetariano-16x12.jpg 16w\" sizes=\"auto, (max-width: 800px) 100vw, 800px\" \/><\/a><figcaption class=\"wp-element-caption\"><mark style=\"background-color:#FBFAF3\" class=\"has-inline-color has-custom-calabaza-color\">Esmorzar La Palma vegetari\u00e0<\/mark><\/figcaption><\/figure>\n\n\n\n<figure class=\"wp-block-image size-large\"><a href=\"https:\/\/botiga-online.pastisserialapalma.com\/web-pasteles\/pastelerias\/barcelona\/pastisseria-la-palma-1\/@@articles?category=desayunos-a-domicilio&amp;article_id=desayuno-la-palma-feliz-cumpleanos\" target=\"_blank\" rel=\" noreferrer noopener\"><img loading=\"lazy\" decoding=\"async\" width=\"800\" height=\"600\" data-id=\"11307\" src=\"http:\/\/lapalma.apanymantel.info\/wp-content\/uploads\/2025\/09\/Desayuno-La-Palma-Feliz-Cumpleanos.jpg\" alt=\"Desayuno La Palma Feliz Cumplea\u00f1os\" class=\"wp-image-11307\" srcset=\"https:\/\/pastisserialapalma.com\/wp-content\/uploads\/2025\/09\/Desayuno-La-Palma-Feliz-Cumpleanos.jpg 800w, https:\/\/pastisserialapalma.com\/wp-content\/uploads\/2025\/09\/Desayuno-La-Palma-Feliz-Cumpleanos-300x225.jpg 300w, https:\/\/pastisserialapalma.com\/wp-content\/uploads\/2025\/09\/Desayuno-La-Palma-Feliz-Cumpleanos-768x576.jpg 768w, https:\/\/pastisserialapalma.com\/wp-content\/uploads\/2025\/09\/Desayuno-La-Palma-Feliz-Cumpleanos-16x12.jpg 16w\" sizes=\"auto, (max-width: 800px) 100vw, 800px\" \/><\/a><figcaption class=\"wp-element-caption\"><mark style=\"background-color:#FBFAF3\" class=\"has-inline-color has-custom-calabaza-color\">Esmorzar La Palma Feli\u00e7 Aniversaris<\/mark><\/figcaption><\/figure>\n\n\n\n<figure class=\"wp-block-image size-large\"><a href=\"https:\/\/botiga-online.pastisserialapalma.com\/web-pasteles\/pastelerias\/barcelona\/pastisseria-la-palma-1\/@@articles?category=desayunos-a-domicilio&amp;article_id=desayuno-la-palma-rosa\" target=\"_blank\" rel=\" noreferrer noopener\"><img loading=\"lazy\" decoding=\"async\" width=\"800\" height=\"600\" data-id=\"11306\" src=\"http:\/\/lapalma.apanymantel.info\/wp-content\/uploads\/2025\/09\/Desayuno-La-Palma-Rosa.jpg\" alt=\"Desayuno La Palma + Rosa\" class=\"wp-image-11306\" srcset=\"https:\/\/pastisserialapalma.com\/wp-content\/uploads\/2025\/09\/Desayuno-La-Palma-Rosa.jpg 800w, https:\/\/pastisserialapalma.com\/wp-content\/uploads\/2025\/09\/Desayuno-La-Palma-Rosa-300x225.jpg 300w, https:\/\/pastisserialapalma.com\/wp-content\/uploads\/2025\/09\/Desayuno-La-Palma-Rosa-768x576.jpg 768w, https:\/\/pastisserialapalma.com\/wp-content\/uploads\/2025\/09\/Desayuno-La-Palma-Rosa-16x12.jpg 16w\" sizes=\"auto, (max-width: 800px) 100vw, 800px\" \/><\/a><figcaption class=\"wp-element-caption\"><mark style=\"background-color:#FBFAF3\" class=\"has-inline-color has-custom-calabaza-color\">Esmorzar La Palma + Rosa<\/mark><\/figcaption><\/figure>\n\n\n\n<figure class=\"wp-block-image size-large\"><a href=\"https:\/\/botiga-online.pastisserialapalma.com\/web-pasteles\/pastelerias\/barcelona\/pastisseria-la-palma-1\/@@articles?category=desayunos-a-domicilio&amp;article_id=desayuno-la-palma\" target=\"_blank\" rel=\" noreferrer noopener\"><img loading=\"lazy\" decoding=\"async\" width=\"660\" height=\"768\" data-id=\"11305\" src=\"http:\/\/lapalma.apanymantel.info\/wp-content\/uploads\/2025\/09\/Desayuno-La-Palma.jpg\" alt=\"Desayuno La Palma\" class=\"wp-image-11305\" srcset=\"https:\/\/pastisserialapalma.com\/wp-content\/uploads\/2025\/09\/Desayuno-La-Palma.jpg 660w, https:\/\/pastisserialapalma.com\/wp-content\/uploads\/2025\/09\/Desayuno-La-Palma-258x300.jpg 258w, https:\/\/pastisserialapalma.com\/wp-content\/uploads\/2025\/09\/Desayuno-La-Palma-10x12.jpg 10w\" sizes=\"auto, (max-width: 660px) 100vw, 660px\" \/><\/a><figcaption class=\"wp-element-caption\"><mark style=\"background-color:#FBFAF3\" class=\"has-inline-color has-custom-calabaza-color\">Esmorzar La Palma<\/mark><\/figcaption><\/figure>\n\n\n\n<figure class=\"wp-block-image size-large\"><a href=\"https:\/\/botiga-online.pastisserialapalma.com\/web-pasteles\/pastelerias\/barcelona\/pastisseria-la-palma-1\/@@articles?category=desayunos-a-domicilio&amp;article_id=desayuno-infantil-la-palma-con-vela-s-chocolate\" target=\"_blank\" rel=\" noreferrer noopener\"><img loading=\"lazy\" decoding=\"async\" width=\"800\" height=\"600\" data-id=\"11304\" src=\"http:\/\/lapalma.apanymantel.info\/wp-content\/uploads\/2025\/09\/Desayuno-Infantil-La-Palma-con-Velas-Chocolate.jpg\" alt=\"Desayuno Infantil La Palma con Velas Chocolate\" class=\"wp-image-11304\" srcset=\"https:\/\/pastisserialapalma.com\/wp-content\/uploads\/2025\/09\/Desayuno-Infantil-La-Palma-con-Velas-Chocolate.jpg 800w, https:\/\/pastisserialapalma.com\/wp-content\/uploads\/2025\/09\/Desayuno-Infantil-La-Palma-con-Velas-Chocolate-300x225.jpg 300w, https:\/\/pastisserialapalma.com\/wp-content\/uploads\/2025\/09\/Desayuno-Infantil-La-Palma-con-Velas-Chocolate-768x576.jpg 768w, https:\/\/pastisserialapalma.com\/wp-content\/uploads\/2025\/09\/Desayuno-Infantil-La-Palma-con-Velas-Chocolate-16x12.jpg 16w\" sizes=\"auto, (max-width: 800px) 100vw, 800px\" \/><\/a><figcaption class=\"wp-element-caption\"><mark style=\"background-color:#FBFAF3\" class=\"has-inline-color has-custom-calabaza-color\">Esmorzar Infantil La Palma amb Espelmes Xocolata<\/mark><\/figcaption><\/figure>\n\n\n\n<figure class=\"wp-block-image size-large\"><a href=\"https:\/\/botiga-online.pastisserialapalma.com\/web-pasteles\/pastelerias\/barcelona\/pastisseria-la-palma-1\/@@articles?category=desayunos-a-domicilio&amp;article_id=desayuno-infantil-la-palma\" target=\"_blank\" rel=\" noreferrer noopener\"><img loading=\"lazy\" decoding=\"async\" width=\"800\" height=\"600\" data-id=\"11303\" src=\"http:\/\/lapalma.apanymantel.info\/wp-content\/uploads\/2025\/09\/Desayuno-Infantil-La-Palma.jpg\" alt=\"Desayuno Infantil La Palma\" class=\"wp-image-11303\" srcset=\"https:\/\/pastisserialapalma.com\/wp-content\/uploads\/2025\/09\/Desayuno-Infantil-La-Palma.jpg 800w, https:\/\/pastisserialapalma.com\/wp-content\/uploads\/2025\/09\/Desayuno-Infantil-La-Palma-300x225.jpg 300w, https:\/\/pastisserialapalma.com\/wp-content\/uploads\/2025\/09\/Desayuno-Infantil-La-Palma-768x576.jpg 768w, https:\/\/pastisserialapalma.com\/wp-content\/uploads\/2025\/09\/Desayuno-Infantil-La-Palma-16x12.jpg 16w\" sizes=\"auto, (max-width: 800px) 100vw, 800px\" \/><\/a><figcaption class=\"wp-element-caption\"><mark style=\"background-color:#FBFAF3\" class=\"has-inline-color has-custom-calabaza-color\">Esmorzar Infantil La Palma<\/mark><\/figcaption><\/figure>\n\n\n\n<figure class=\"wp-block-image size-large\"><a href=\"https:\/\/botiga-online.pastisserialapalma.com\/web-pasteles\/pastelerias\/barcelona\/pastisseria-la-palma-1\/@@articles?category=desayunos-a-domicilio&amp;article_id=desayuno-de-oficina\" target=\"_blank\" rel=\" noreferrer noopener\"><img loading=\"lazy\" decoding=\"async\" width=\"800\" height=\"834\" data-id=\"11302\" src=\"http:\/\/lapalma.apanymantel.info\/wp-content\/uploads\/2025\/09\/Desayuno-de-Oficina.jpg\" alt=\"Desayuno de Oficina\" class=\"wp-image-11302\" srcset=\"https:\/\/pastisserialapalma.com\/wp-content\/uploads\/2025\/09\/Desayuno-de-Oficina.jpg 800w, https:\/\/pastisserialapalma.com\/wp-content\/uploads\/2025\/09\/Desayuno-de-Oficina-288x300.jpg 288w, https:\/\/pastisserialapalma.com\/wp-content\/uploads\/2025\/09\/Desayuno-de-Oficina-768x801.jpg 768w, https:\/\/pastisserialapalma.com\/wp-content\/uploads\/2025\/09\/Desayuno-de-Oficina-12x12.jpg 12w\" sizes=\"auto, (max-width: 800px) 100vw, 800px\" \/><\/a><figcaption class=\"wp-element-caption\"><mark style=\"background-color:#FBFAF3\" class=\"has-inline-color has-custom-calabaza-color\">Esmorzar d'Oficina<\/mark><\/figcaption><\/figure>\n<\/figure>\n<\/div>","protected":false},"excerpt":{"rendered":"<p>Adem\u00e1s de la gran cantidad de productos tanto de catering como de pasteler\u00eda, en Pastisseria La Palma nos gusta ofrecer la m\u00e1xima variedad de productos para que nuestros clientes tengan mucha elecci\u00f3n a la hora de realizar regalos de cumplea\u00f1os o cualquier otra celebraci\u00f3n. Los desayunos o meriendas a domicilio, se han convertido hoy en [&hellip;]<\/p>\n","protected":false},"author":1,"featured_media":0,"parent":11024,"menu_order":4,"comment_status":"closed","ping_status":"closed","template":"","meta":{"footnotes":""},"class_list":["post-11067","page","type-page","status-publish","hentry"],"jetpack_sharing_enabled":true,"_links":{"self":[{"href":"http:\/\/pastisserialapalma.com\/cat\/wp-json\/wp\/v2\/pages\/11067","targetHints":{"allow":["GET"]}}],"collection":[{"href":"http:\/\/pastisserialapalma.com\/cat\/wp-json\/wp\/v2\/pages"}],"about":[{"href":"http:\/\/pastisserialapalma.com\/cat\/wp-json\/wp\/v2\/types\/page"}],"author":[{"embeddable":true,"href":"http:\/\/pastisserialapalma.com\/cat\/wp-json\/wp\/v2\/users\/1"}],"replies":[{"embeddable":true,"href":"http:\/\/pastisserialapalma.com\/cat\/wp-json\/wp\/v2\/comments?post=11067"}],"version-history":[{"count":20,"href":"http:\/\/pastisserialapalma.com\/cat\/wp-json\/wp\/v2\/pages\/11067\/revisions"}],"predecessor-version":[{"id":11323,"href":"http:\/\/pastisserialapalma.com\/cat\/wp-json\/wp\/v2\/pages\/11067\/revisions\/11323"}],"up":[{"embeddable":true,"href":"http:\/\/pastisserialapalma.com\/cat\/wp-json\/wp\/v2\/pages\/11024"}],"wp:attachment":[{"href":"http:\/\/pastisserialapalma.com\/cat\/wp-json\/wp\/v2\/media?parent=11067"}],"curies":[{"name":"wp","href":"https:\/\/api.w.org\/{rel}","templated":true}]}}