{"id":11063,"date":"2025-09-12T12:39:04","date_gmt":"2025-09-12T10:39:04","guid":{"rendered":"http:\/\/lapalma.apanymantel.info\/?page_id=11063"},"modified":"2025-09-26T10:09:59","modified_gmt":"2025-09-26T08:09:59","slug":"celebraciones-y-diadas","status":"publish","type":"page","link":"http:\/\/pastisserialapalma.com\/cat\/productos\/celebraciones-y-diadas\/","title":{"rendered":"Celebracions i Diades"},"content":{"rendered":"<hr class=\"wp-block-separator has-text-color has-custom-calabaza-color has-alpha-channel-opacity has-custom-calabaza-background-color has-background\"\/>\n\n\n\n<div class=\"wp-block-group has-global-padding is-layout-constrained wp-container-core-group-is-layout-647a4299 wp-block-group-is-layout-constrained\" style=\"padding-right:var(--wp--preset--spacing--30);padding-left:var(--wp--preset--spacing--30)\">\n<p>Elaborem pastissos i dol\u00e7os tradicionals per a Reis, Quaresma, Pasqua, Sant Joan, la castanyada, Nadal i any nou.<br>Per Nadal, a banda de postres i dol\u00e7os, preparem safates de c\u00e0tering, i cistelles i lots amb productes de qualitat suprema.<\/p>\n\n\n\n<p>A m\u00e9s d'aquests dies, tamb\u00e9 hi ha altres diades m\u00e9s petitetes on ens agrada innovar i preparar alguna cosa especial.<\/p>\n\n\n\n<p class=\"translation-block\">Passa't pel nostre <a href=\"\/cat\/noticias\/\" target=\"_self\">blog<\/a>, <a href=\"https:\/\/www.instagram.com\/lapalma1922\/\" data-type=\"link\" data-id=\"https:\/\/www.instagram.com\/lapalma1922\/\" target=\"_self\">instagram<\/a> o <a href=\"https:\/\/www.facebook.com\/pastisserialapalma\" data-type=\"link\" data-id=\"https:\/\/www.facebook.com\/pastisserialapalma\" target=\"_self\">Facebook<\/a>, perqu\u00e8 generalment les anunciem per aqu\u00ed.<\/p>\n\n\n\n<p class=\"translation-block\">Aquest tipus de productes els podr\u00e0s <a href=\"https:\/\/botiga-online.pastisserialapalma.com\/@@articles?category=catering\" target=\"_self\">comprar en l\u00ednia<\/a> \u00fanicament durant les dates pr\u00e8vies o durant les celebracions.<\/p>\n<\/div>\n\n\n\n<div class=\"wp-block-group alignfull has-global-padding is-layout-constrained wp-block-group-is-layout-constrained\" style=\"margin-top:0;margin-bottom:0;padding-top:var(--wp--preset--spacing--50);padding-bottom:var(--wp--preset--spacing--50)\">\n<div class=\"wp-block-group alignwide is-layout-grid wp-container-core-group-is-layout-5b415257 wp-block-group-is-layout-grid\">\n<div class=\"wp-block-group is-style-section-3 has-global-padding is-layout-constrained wp-block-group-is-layout-constrained is-style-section-3--1\" style=\"min-height:180px\">\n<div class=\"wp-block-group is-style-section-2 has-custom-blanco-c-lido-color has-custom-calabaza-background-color has-text-color has-background has-link-color wp-elements-a5493bf21cc2f1dc806bfefbf87103a2 is-vertical is-content-justification-center is-layout-flex wp-container-core-group-is-layout-fa589ca4 wp-block-group-is-layout-flex is-style-section-2--2\" style=\"min-height:100%;padding-top:0;padding-right:var(--wp--preset--spacing--20);padding-bottom:0;padding-left:var(--wp--preset--spacing--20)\">\n<h2 class=\"wp-block-heading has-text-align-center has-custom-blanco-c-lido-color has-text-color has-link-color has-large-font-size wp-elements-fcfb4320ba986cc290efcbd138f9da66\">Elaborem dol\u00e7os per a totes les festivitats!!<\/h2>\n<\/div>\n<\/div>\n\n\n\n<div class=\"wp-block-cover is-light has-custom-content-position is-position-bottom-center small-category wp-container-content-f99eb950 has-aspect-ratio\" style=\"padding-top:0;padding-right:0;padding-bottom:0;padding-left:0;aspect-ratio:1;min-height:unset;\" id=\"product-category\"><img loading=\"lazy\" decoding=\"async\" width=\"300\" height=\"300\" class=\"wp-block-cover__image-background wp-image-11167 size-full\" alt=\"turron de navidad\" src=\"http:\/\/lapalma.apanymantel.info\/wp-content\/uploads\/2025\/09\/navidad.jpg\" data-object-fit=\"cover\" srcset=\"https:\/\/pastisserialapalma.com\/wp-content\/uploads\/2025\/09\/navidad.jpg 300w, https:\/\/pastisserialapalma.com\/wp-content\/uploads\/2025\/09\/navidad-150x150.jpg 150w, https:\/\/pastisserialapalma.com\/wp-content\/uploads\/2025\/09\/navidad-12x12.jpg 12w\" sizes=\"auto, (max-width: 300px) 100vw, 300px\" \/><span aria-hidden=\"true\" class=\"wp-block-cover__background has-custom-blanco-c-lido-background-color has-background-dim-0 has-background-dim\"><\/span><div class=\"wp-block-cover__inner-container has-global-padding is-layout-constrained wp-container-core-cover-is-layout-639b5052 wp-block-cover-is-layout-constrained\">\n<div class=\"wp-block-group has-custom-blanco-c-lido-background-color has-background is-content-justification-center is-nowrap is-layout-flex wp-container-core-group-is-layout-99bd6245 wp-block-group-is-layout-flex\" style=\"padding-top:0;padding-bottom:0\">\n<p class=\"is-style-default has-custom-calabaza-color has-text-color has-link-color has-medium-font-size wp-elements-81cad8c6fd0820d120e64565057d64d0 wp-container-content-9cfa9a5a\"><a href=\"http:\/\/lapalma.apanymantel.info\/productos\/celebraciones-y-diadas\/navidad\/\" data-type=\"page\" data-id=\"11200\">NADAL<\/a><\/p>\n<\/div>\n<\/div><\/div>\n\n\n\n<div class=\"wp-block-cover is-light has-custom-content-position is-position-bottom-center small-category has-aspect-ratio\" style=\"padding-top:0;padding-right:0;padding-bottom:0;padding-left:0;aspect-ratio:1;min-height:unset;\" id=\"product-category\"><img loading=\"lazy\" decoding=\"async\" width=\"300\" height=\"300\" class=\"wp-block-cover__image-background wp-image-11183 size-full\" alt=\"pastel diada\" src=\"http:\/\/lapalma.apanymantel.info\/wp-content\/uploads\/2025\/09\/Pastel-Diada.jpg\" data-object-fit=\"cover\" srcset=\"https:\/\/pastisserialapalma.com\/wp-content\/uploads\/2025\/09\/Pastel-Diada.jpg 300w, https:\/\/pastisserialapalma.com\/wp-content\/uploads\/2025\/09\/Pastel-Diada-150x150.jpg 150w, https:\/\/pastisserialapalma.com\/wp-content\/uploads\/2025\/09\/Pastel-Diada-12x12.jpg 12w\" sizes=\"auto, (max-width: 300px) 100vw, 300px\" \/><span aria-hidden=\"true\" class=\"wp-block-cover__background has-custom-blanco-c-lido-background-color has-background-dim-0 has-background-dim\"><\/span><div class=\"wp-block-cover__inner-container has-global-padding is-layout-constrained wp-container-core-cover-is-layout-639b5052 wp-block-cover-is-layout-constrained\">\n<div class=\"wp-block-group has-custom-blanco-c-lido-background-color has-background is-content-justification-center is-nowrap is-layout-flex wp-container-core-group-is-layout-99bd6245 wp-block-group-is-layout-flex\" style=\"padding-top:0;padding-bottom:0\">\n<p class=\"is-style-default has-custom-calabaza-color has-text-color has-link-color has-medium-font-size wp-elements-0e061c33e4a23e4cef8d9afe65ac46ab wp-container-content-9cfa9a5a\"><a href=\"\/cat\/productos\/celebraciones-y-diadas\/#diada\" data-type=\"link\" data-id=\"https:\/\/botiga-online.pastisserialapalma.com\/@@articles?category=canapes\">DIADA<\/a><\/p>\n<\/div>\n<\/div><\/div>\n\n\n\n<div class=\"wp-block-cover is-light has-custom-content-position is-position-bottom-center small-category wp-container-content-f99eb950 has-aspect-ratio\" style=\"padding-top:0;padding-right:0;padding-bottom:0;padding-left:0;aspect-ratio:1;min-height:unset;\" id=\"product-category\"><img loading=\"lazy\" decoding=\"async\" width=\"300\" height=\"300\" class=\"wp-block-cover__image-background wp-image-11185 size-full\" alt=\"Sant Jordi\" src=\"http:\/\/lapalma.apanymantel.info\/wp-content\/uploads\/2025\/09\/Sant-Jordi.jpg\" data-object-fit=\"cover\" srcset=\"https:\/\/pastisserialapalma.com\/wp-content\/uploads\/2025\/09\/Sant-Jordi.jpg 300w, https:\/\/pastisserialapalma.com\/wp-content\/uploads\/2025\/09\/Sant-Jordi-150x150.jpg 150w, https:\/\/pastisserialapalma.com\/wp-content\/uploads\/2025\/09\/Sant-Jordi-12x12.jpg 12w\" sizes=\"auto, (max-width: 300px) 100vw, 300px\" \/><span aria-hidden=\"true\" class=\"wp-block-cover__background has-custom-blanco-c-lido-background-color has-background-dim-0 has-background-dim\"><\/span><div class=\"wp-block-cover__inner-container has-global-padding is-layout-constrained wp-container-core-cover-is-layout-639b5052 wp-block-cover-is-layout-constrained\">\n<div class=\"wp-block-group has-custom-blanco-c-lido-background-color has-background is-content-justification-center is-nowrap is-layout-flex wp-container-core-group-is-layout-99bd6245 wp-block-group-is-layout-flex\" style=\"padding-top:0;padding-bottom:0\">\n<p class=\"is-style-default has-custom-calabaza-color has-text-color has-link-color has-medium-font-size wp-elements-62c8aebdf0414744daf897b05b201773 wp-container-content-9cfa9a5a\"><a href=\"\/cat\/productos\/celebraciones-y-diadas\/#sant-jordi\" data-type=\"link\" data-id=\"https:\/\/botiga-online.pastisserialapalma.com\/@@articles?category=cocas-saladas\">SANT JORDI<\/a><\/p>\n<\/div>\n<\/div><\/div>\n\n\n\n<div class=\"wp-block-cover is-light has-custom-content-position is-position-bottom-center small-category wp-container-content-f99eb950 has-aspect-ratio\" style=\"padding-top:0;padding-right:0;padding-bottom:0;padding-left:0;aspect-ratio:1;min-height:unset;\" id=\"product-category\"><img loading=\"lazy\" decoding=\"async\" width=\"300\" height=\"300\" class=\"wp-block-cover__image-background wp-image-11178 size-full\" alt=\"Mona de pascua Molino\" src=\"http:\/\/lapalma.apanymantel.info\/wp-content\/uploads\/2025\/09\/monas-de-pascua.jpg\" data-object-fit=\"cover\" srcset=\"https:\/\/pastisserialapalma.com\/wp-content\/uploads\/2025\/09\/monas-de-pascua.jpg 300w, https:\/\/pastisserialapalma.com\/wp-content\/uploads\/2025\/09\/monas-de-pascua-150x150.jpg 150w, https:\/\/pastisserialapalma.com\/wp-content\/uploads\/2025\/09\/monas-de-pascua-12x12.jpg 12w\" sizes=\"auto, (max-width: 300px) 100vw, 300px\" \/><span aria-hidden=\"true\" class=\"wp-block-cover__background has-custom-blanco-c-lido-background-color has-background-dim-0 has-background-dim\"><\/span><div class=\"wp-block-cover__inner-container has-global-padding is-layout-constrained wp-container-core-cover-is-layout-639b5052 wp-block-cover-is-layout-constrained\">\n<div class=\"wp-block-group has-custom-blanco-c-lido-background-color has-background is-content-justification-center is-nowrap is-layout-flex wp-container-core-group-is-layout-99bd6245 wp-block-group-is-layout-flex\" style=\"padding-top:0;padding-bottom:0\">\n<p class=\"is-style-default has-custom-calabaza-color has-text-color has-link-color has-medium-font-size wp-elements-ffb40e0a156550f907a048fc01b5a0ba wp-container-content-9cfa9a5a\"><a href=\"\/cat\/productos\/celebraciones-y-diadas\/#monas-de-pascua\" data-type=\"link\" data-id=\"https:\/\/botiga-online.pastisserialapalma.com\/@@articles?category=montaditos\">MONES DE PASQUA<\/a><\/p>\n<\/div>\n<\/div><\/div>\n\n\n\n<div class=\"wp-block-cover is-light has-custom-content-position is-position-bottom-center small-category has-aspect-ratio\" style=\"padding-top:0;padding-right:0;padding-bottom:0;padding-left:0;aspect-ratio:1;min-height:unset;\" id=\"product-category\"><img loading=\"lazy\" decoding=\"async\" width=\"294\" height=\"294\" class=\"wp-block-cover__image-background wp-image-11184 size-full\" alt=\"\" src=\"http:\/\/lapalma.apanymantel.info\/wp-content\/uploads\/2025\/09\/reyes.jpg\" data-object-fit=\"cover\" srcset=\"https:\/\/pastisserialapalma.com\/wp-content\/uploads\/2025\/09\/reyes.jpg 294w, https:\/\/pastisserialapalma.com\/wp-content\/uploads\/2025\/09\/reyes-150x150.jpg 150w, https:\/\/pastisserialapalma.com\/wp-content\/uploads\/2025\/09\/reyes-12x12.jpg 12w\" sizes=\"auto, (max-width: 294px) 100vw, 294px\" \/><span aria-hidden=\"true\" class=\"wp-block-cover__background has-custom-blanco-c-lido-background-color has-background-dim-0 has-background-dim\"><\/span><div class=\"wp-block-cover__inner-container has-global-padding is-layout-constrained wp-container-core-cover-is-layout-639b5052 wp-block-cover-is-layout-constrained\">\n<div class=\"wp-block-group has-custom-blanco-c-lido-background-color has-background is-content-justification-center is-nowrap is-layout-flex wp-container-core-group-is-layout-99bd6245 wp-block-group-is-layout-flex\" style=\"padding-top:0;padding-bottom:0\">\n<p class=\"is-style-default has-custom-calabaza-color has-text-color has-link-color has-medium-font-size wp-elements-7ac1c4eb465ab2eafaf02a1c43ea9d02 wp-container-content-9cfa9a5a\"><strong><a href=\"\/cat\/productos\/celebraciones-y-diadas\/#roscones\" data-type=\"link\" data-id=\"https:\/\/botiga-online.pastisserialapalma.com\/@@articles?category=bocadillos-y-briox\">TORTELLS DE REIS<\/a><\/strong><\/p>\n<\/div>\n<\/div><\/div>\n\n\n\n<div class=\"wp-block-cover is-light has-custom-content-position is-position-bottom-center small-category has-aspect-ratio\" style=\"padding-top:0;padding-right:0;padding-bottom:0;padding-left:0;aspect-ratio:1;min-height:unset;\" id=\"product-category\"><img loading=\"lazy\" decoding=\"async\" width=\"300\" height=\"300\" class=\"wp-block-cover__image-background wp-image-11186 size-full\" alt=\"\" src=\"http:\/\/lapalma.apanymantel.info\/wp-content\/uploads\/2025\/09\/san-valentin-1.jpg\" data-object-fit=\"cover\" srcset=\"https:\/\/pastisserialapalma.com\/wp-content\/uploads\/2025\/09\/san-valentin-1.jpg 300w, https:\/\/pastisserialapalma.com\/wp-content\/uploads\/2025\/09\/san-valentin-1-150x150.jpg 150w, https:\/\/pastisserialapalma.com\/wp-content\/uploads\/2025\/09\/san-valentin-1-12x12.jpg 12w\" sizes=\"auto, (max-width: 300px) 100vw, 300px\" \/><span aria-hidden=\"true\" class=\"wp-block-cover__background has-custom-blanco-c-lido-background-color has-background-dim-0 has-background-dim\"><\/span><div class=\"wp-block-cover__inner-container has-global-padding is-layout-constrained wp-container-core-cover-is-layout-639b5052 wp-block-cover-is-layout-constrained\">\n<div class=\"wp-block-group has-custom-blanco-c-lido-background-color has-background is-content-justification-center is-nowrap is-layout-flex wp-container-core-group-is-layout-99bd6245 wp-block-group-is-layout-flex\" style=\"padding-top:0;padding-bottom:0\">\n<p class=\"is-style-default has-custom-calabaza-color has-text-color has-link-color has-medium-font-size wp-elements-752b0e418dffc91cd47a9849a6160d38 wp-container-content-9cfa9a5a\"><strong><a href=\"\/cat\/productos\/celebraciones-y-diadas\/#san-valentin\" data-type=\"link\" data-id=\"https:\/\/botiga-online.pastisserialapalma.com\/@@articles?category=pasta-salada\">SANT VALENT\u00cd<\/a><\/strong><\/p>\n<\/div>\n<\/div><\/div>\n\n\n\n<div class=\"wp-block-cover is-light has-custom-content-position is-position-bottom-center small-category wp-container-content-f99eb950 has-aspect-ratio\" style=\"padding-top:0;padding-right:0;padding-bottom:0;padding-left:0;aspect-ratio:1;min-height:unset;\" id=\"product-category\"><img loading=\"lazy\" decoding=\"async\" width=\"300\" height=\"300\" class=\"wp-block-cover__image-background wp-image-11172 size-full\" alt=\"pastel d\u00eda de la mujer\" src=\"http:\/\/lapalma.apanymantel.info\/wp-content\/uploads\/2025\/09\/dia-de-la-mujer.jpg\" data-object-fit=\"cover\" srcset=\"https:\/\/pastisserialapalma.com\/wp-content\/uploads\/2025\/09\/dia-de-la-mujer.jpg 300w, https:\/\/pastisserialapalma.com\/wp-content\/uploads\/2025\/09\/dia-de-la-mujer-150x150.jpg 150w, https:\/\/pastisserialapalma.com\/wp-content\/uploads\/2025\/09\/dia-de-la-mujer-12x12.jpg 12w\" sizes=\"auto, (max-width: 300px) 100vw, 300px\" \/><span aria-hidden=\"true\" class=\"wp-block-cover__background has-custom-blanco-c-lido-background-color has-background-dim-0 has-background-dim\"><\/span><div class=\"wp-block-cover__inner-container has-global-padding is-layout-constrained wp-container-core-cover-is-layout-639b5052 wp-block-cover-is-layout-constrained\">\n<div class=\"wp-block-group has-custom-blanco-c-lido-background-color has-background is-content-justification-center is-nowrap is-layout-flex wp-container-core-group-is-layout-99bd6245 wp-block-group-is-layout-flex\" style=\"padding-top:0;padding-bottom:0\">\n<p class=\"is-style-default has-custom-calabaza-color has-text-color has-link-color has-medium-font-size wp-elements-46f6fb1bcef93cac8dd65205774dc3dd wp-container-content-9cfa9a5a\"><strong><a href=\"\/cat\/productos\/celebraciones-y-diadas\/#dia-de-la-mujer\" data-type=\"link\" data-id=\"https:\/\/botiga-online.pastisserialapalma.com\/@@articles?category=pizzas-y-quiches\">DIA DE LA DONA<\/a><\/strong><\/p>\n<\/div>\n<\/div><\/div>\n\n\n\n<div class=\"wp-block-cover is-light has-custom-content-position is-position-bottom-center small-category wp-container-content-f99eb950 has-aspect-ratio\" style=\"padding-top:0;padding-right:0;padding-bottom:0;padding-left:0;aspect-ratio:1;min-height:unset;\" id=\"product-category\"><img loading=\"lazy\" decoding=\"async\" width=\"300\" height=\"300\" class=\"wp-block-cover__image-background wp-image-11170 size-full\" alt=\"D\u00eda de la madre\" src=\"http:\/\/lapalma.apanymantel.info\/wp-content\/uploads\/2025\/09\/dia-de-la-madre3.jpg\" data-object-fit=\"cover\" srcset=\"https:\/\/pastisserialapalma.com\/wp-content\/uploads\/2025\/09\/dia-de-la-madre3.jpg 300w, https:\/\/pastisserialapalma.com\/wp-content\/uploads\/2025\/09\/dia-de-la-madre3-150x150.jpg 150w, https:\/\/pastisserialapalma.com\/wp-content\/uploads\/2025\/09\/dia-de-la-madre3-12x12.jpg 12w\" sizes=\"auto, (max-width: 300px) 100vw, 300px\" \/><span aria-hidden=\"true\" class=\"wp-block-cover__background has-custom-blanco-c-lido-background-color has-background-dim-0 has-background-dim\"><\/span><div class=\"wp-block-cover__inner-container has-global-padding is-layout-constrained wp-container-core-cover-is-layout-639b5052 wp-block-cover-is-layout-constrained\">\n<div class=\"wp-block-group has-custom-blanco-c-lido-background-color has-background is-content-justification-center is-nowrap is-layout-flex wp-container-core-group-is-layout-99bd6245 wp-block-group-is-layout-flex\" style=\"padding-top:0;padding-bottom:0\">\n<p class=\"is-style-default has-custom-calabaza-color has-text-color has-link-color has-medium-font-size wp-elements-b3a7eadc57029389efac9d5890315789 wp-container-content-9cfa9a5a\"><strong><a href=\"\/cat\/productos\/celebraciones-y-diadas\/#dia-de-la-madre\" data-type=\"link\" data-id=\"https:\/\/botiga-online.pastisserialapalma.com\/@@articles?category=pizzas-y-quiches\">DIA DE LA MARE<\/a><\/strong><\/p>\n<\/div>\n<\/div><\/div>\n\n\n\n<div class=\"wp-block-cover is-light has-custom-content-position is-position-bottom-center small-category wp-container-content-f99eb950 has-aspect-ratio\" style=\"padding-top:0;padding-right:0;padding-bottom:0;padding-left:0;aspect-ratio:1;min-height:unset;\" id=\"product-category\"><img loading=\"lazy\" decoding=\"async\" width=\"202\" height=\"202\" class=\"wp-block-cover__image-background wp-image-11173 size-full\" alt=\"D\u00eda del padre\" src=\"http:\/\/lapalma.apanymantel.info\/wp-content\/uploads\/2025\/09\/dia-del-padre-1.jpg\" data-object-fit=\"cover\" srcset=\"https:\/\/pastisserialapalma.com\/wp-content\/uploads\/2025\/09\/dia-del-padre-1.jpg 202w, https:\/\/pastisserialapalma.com\/wp-content\/uploads\/2025\/09\/dia-del-padre-1-150x150.jpg 150w, https:\/\/pastisserialapalma.com\/wp-content\/uploads\/2025\/09\/dia-del-padre-1-12x12.jpg 12w\" sizes=\"auto, (max-width: 202px) 100vw, 202px\" \/><span aria-hidden=\"true\" class=\"wp-block-cover__background has-custom-blanco-c-lido-background-color has-background-dim-0 has-background-dim\"><\/span><div class=\"wp-block-cover__inner-container has-global-padding is-layout-constrained wp-container-core-cover-is-layout-639b5052 wp-block-cover-is-layout-constrained\">\n<div class=\"wp-block-group has-custom-blanco-c-lido-background-color has-background is-content-justification-center is-nowrap is-layout-flex wp-container-core-group-is-layout-99bd6245 wp-block-group-is-layout-flex\" style=\"padding-top:0;padding-bottom:0\">\n<p class=\"is-style-default has-custom-calabaza-color has-text-color has-link-color has-medium-font-size wp-elements-679546b9ba34fd9a312e10cf5098bfc2 wp-container-content-9cfa9a5a\"><strong><a href=\"\/cat\/productos\/celebraciones-y-diadas\/#dia-del-padre\" data-type=\"link\" data-id=\"https:\/\/botiga-online.pastisserialapalma.com\/@@articles?category=focaccia\">DIA DEL PARE<\/a><\/strong><\/p>\n<\/div>\n<\/div><\/div>\n\n\n\n<div class=\"wp-block-cover is-light has-custom-content-position is-position-bottom-center small-category wp-container-content-f99eb950 has-aspect-ratio\" style=\"padding-top:0;padding-right:0;padding-bottom:0;padding-left:0;aspect-ratio:1;min-height:unset;\" id=\"product-category\"><img loading=\"lazy\" decoding=\"async\" width=\"300\" height=\"300\" class=\"wp-block-cover__image-background wp-image-11175 size-full\" alt=\"galletas de halloween\" src=\"http:\/\/lapalma.apanymantel.info\/wp-content\/uploads\/2025\/09\/halloween-1.jpg\" data-object-fit=\"cover\" srcset=\"https:\/\/pastisserialapalma.com\/wp-content\/uploads\/2025\/09\/halloween-1.jpg 300w, https:\/\/pastisserialapalma.com\/wp-content\/uploads\/2025\/09\/halloween-1-150x150.jpg 150w, https:\/\/pastisserialapalma.com\/wp-content\/uploads\/2025\/09\/halloween-1-12x12.jpg 12w\" sizes=\"auto, (max-width: 300px) 100vw, 300px\" \/><span aria-hidden=\"true\" class=\"wp-block-cover__background has-custom-blanco-c-lido-background-color has-background-dim-0 has-background-dim\"><\/span><div class=\"wp-block-cover__inner-container has-global-padding is-layout-constrained wp-container-core-cover-is-layout-639b5052 wp-block-cover-is-layout-constrained\">\n<div class=\"wp-block-group has-custom-blanco-c-lido-background-color has-background is-content-justification-center is-nowrap is-layout-flex wp-container-core-group-is-layout-99bd6245 wp-block-group-is-layout-flex\" style=\"padding-top:0;padding-bottom:0\">\n<p class=\"is-style-default has-custom-calabaza-color has-text-color has-link-color has-medium-font-size wp-elements-967df1b3d7e959209cb8dee935a77ecc wp-container-content-9cfa9a5a\"><strong><a href=\"\/cat\/productos\/celebraciones-y-diadas\/#halloween\" data-type=\"link\" data-id=\"https:\/\/botiga-online.pastisserialapalma.com\/@@articles?category=focaccia\">HALLOWEEN<\/a><\/strong><\/p>\n<\/div>\n<\/div><\/div>\n\n\n\n<div class=\"wp-block-cover is-light has-custom-content-position is-position-bottom-center small-category wp-container-content-f99eb950 has-aspect-ratio\" style=\"padding-top:0;padding-right:0;padding-bottom:0;padding-left:0;aspect-ratio:1;min-height:unset;\" id=\"product-category\"><img loading=\"lazy\" decoding=\"async\" width=\"300\" height=\"300\" class=\"wp-block-cover__image-background wp-image-11285 size-full\" alt=\"panellets de regalo en todos los santos\" src=\"http:\/\/lapalma.apanymantel.info\/wp-content\/uploads\/2025\/09\/Bolsa-de-6-panellets-de-pinon.jpg\" data-object-fit=\"cover\" srcset=\"https:\/\/pastisserialapalma.com\/wp-content\/uploads\/2025\/09\/Bolsa-de-6-panellets-de-pinon.jpg 300w, https:\/\/pastisserialapalma.com\/wp-content\/uploads\/2025\/09\/Bolsa-de-6-panellets-de-pinon-150x150.jpg 150w, https:\/\/pastisserialapalma.com\/wp-content\/uploads\/2025\/09\/Bolsa-de-6-panellets-de-pinon-12x12.jpg 12w\" sizes=\"auto, (max-width: 300px) 100vw, 300px\" \/><span aria-hidden=\"true\" class=\"wp-block-cover__background has-custom-blanco-c-lido-background-color has-background-dim-0 has-background-dim\"><\/span><div class=\"wp-block-cover__inner-container has-global-padding is-layout-constrained wp-container-core-cover-is-layout-639b5052 wp-block-cover-is-layout-constrained\">\n<div class=\"wp-block-group has-custom-blanco-c-lido-background-color has-background is-content-justification-center is-nowrap is-layout-flex wp-container-core-group-is-layout-99bd6245 wp-block-group-is-layout-flex\" style=\"padding-top:0;padding-bottom:0\">\n<p class=\"is-style-default has-custom-calabaza-color has-text-color has-link-color has-medium-font-size wp-elements-82f7f25029b8b38e053974bf2ae76814 wp-container-content-9cfa9a5a\"><strong><a href=\"\/cat\/productos\/celebraciones-y-diadas\/#todos-los-santos\" data-type=\"link\" data-id=\"https:\/\/botiga-online.pastisserialapalma.com\/@@articles?category=focaccia\">TOTS SANTS<\/a><\/strong><\/p>\n<\/div>\n<\/div><\/div>\n\n\n\n<div class=\"wp-block-cover is-light has-custom-content-position is-position-bottom-center small-category wp-container-content-f99eb950 has-aspect-ratio\" style=\"padding-top:0;padding-right:0;padding-bottom:0;padding-left:0;aspect-ratio:1;min-height:unset;\" id=\"product-category\"><img loading=\"lazy\" decoding=\"async\" width=\"1290\" height=\"1281\" class=\"wp-block-cover__image-background wp-image-11354 size-full\" alt=\"Coca de Sant Joan\" src=\"http:\/\/lapalma.apanymantel.info\/wp-content\/uploads\/2025\/06\/coca-de-sant-joan.jpeg\" data-object-fit=\"cover\" srcset=\"https:\/\/pastisserialapalma.com\/wp-content\/uploads\/2025\/06\/coca-de-sant-joan.jpeg 1290w, https:\/\/pastisserialapalma.com\/wp-content\/uploads\/2025\/06\/coca-de-sant-joan-300x298.jpeg 300w, https:\/\/pastisserialapalma.com\/wp-content\/uploads\/2025\/06\/coca-de-sant-joan-1024x1017.jpeg 1024w, https:\/\/pastisserialapalma.com\/wp-content\/uploads\/2025\/06\/coca-de-sant-joan-150x150.jpeg 150w, https:\/\/pastisserialapalma.com\/wp-content\/uploads\/2025\/06\/coca-de-sant-joan-768x763.jpeg 768w, https:\/\/pastisserialapalma.com\/wp-content\/uploads\/2025\/06\/coca-de-sant-joan-12x12.jpeg 12w\" sizes=\"auto, (max-width: 1290px) 100vw, 1290px\" \/><span aria-hidden=\"true\" class=\"wp-block-cover__background has-custom-blanco-c-lido-background-color has-background-dim-0 has-background-dim\"><\/span><div class=\"wp-block-cover__inner-container has-global-padding is-layout-constrained wp-container-core-cover-is-layout-639b5052 wp-block-cover-is-layout-constrained\">\n<div class=\"wp-block-group has-custom-blanco-c-lido-background-color has-background is-content-justification-center is-nowrap is-layout-flex wp-container-core-group-is-layout-99bd6245 wp-block-group-is-layout-flex\" style=\"padding-top:0;padding-bottom:0\">\n<p class=\"is-style-default has-custom-calabaza-color has-text-color has-link-color has-medium-font-size wp-elements-5816823b05cfb4f64242c9abdfefce67 wp-container-content-9cfa9a5a\"><strong><a href=\"\/cat\/productos\/celebraciones-y-diadas\/#sant-joan\" data-type=\"link\" data-id=\"https:\/\/botiga-online.pastisserialapalma.com\/@@articles?category=focaccia\">SANT JOAN<\/a><\/strong><\/p>\n<\/div>\n<\/div><\/div>\n<\/div>\n<\/div>\n\n\n\n<div id=\"otras-diadas\" class=\"wp-block-group has-global-padding is-layout-constrained wp-container-core-group-is-layout-639bb523 wp-block-group-is-layout-constrained\" style=\"padding-top:var(--wp--preset--spacing--60);padding-right:var(--wp--preset--spacing--30);padding-bottom:var(--wp--preset--spacing--60);padding-left:var(--wp--preset--spacing--30)\">\n<h2 class=\"wp-block-heading\">Altres diades<\/h2>\n\n\n\n<hr class=\"wp-block-separator has-text-color has-custom-calabaza-color has-alpha-channel-opacity has-custom-calabaza-background-color has-background\"\/>\n\n\n\n<p class=\"translation-block\">En dates\nassenyalades tamb\u00e9 oferim productes especials per a festivitats\nimportants, com ara coques de Sant Jaume, Sant Pere, la Merc\u00e8, Sant\nAntoni, Sant Pau, Tots Sants (1 de novembre) o el Dia de la Dona.<\/p>\n<\/div>\n\n\n\n<div id=\"diada\" class=\"wp-block-group has-global-padding is-layout-constrained wp-container-core-group-is-layout-c5292bcf wp-block-group-is-layout-constrained\" style=\"padding-top:var(--wp--preset--spacing--60);padding-right:var(--wp--preset--spacing--30);padding-bottom:var(--wp--preset--spacing--60);padding-left:var(--wp--preset--spacing--30)\">\n<div class=\"wp-block-columns alignwide is-layout-flex wp-container-core-columns-is-layout-51c0b34d wp-block-columns-is-layout-flex\" style=\"padding-top:var(--wp--preset--spacing--50);padding-bottom:var(--wp--preset--spacing--50)\">\n<div class=\"wp-block-column is-layout-flow wp-block-column-is-layout-flow\" style=\"flex-basis:100%\">\n<figure class=\"wp-block-image aligncenter size-full\"><img loading=\"lazy\" decoding=\"async\" width=\"300\" height=\"300\" src=\"http:\/\/lapalma.apanymantel.info\/wp-content\/uploads\/2025\/09\/Pastel-Diada.jpg\" alt=\"pastel diada\" class=\"wp-image-11183\" srcset=\"https:\/\/pastisserialapalma.com\/wp-content\/uploads\/2025\/09\/Pastel-Diada.jpg 300w, https:\/\/pastisserialapalma.com\/wp-content\/uploads\/2025\/09\/Pastel-Diada-150x150.jpg 150w, https:\/\/pastisserialapalma.com\/wp-content\/uploads\/2025\/09\/Pastel-Diada-12x12.jpg 12w\" sizes=\"auto, (max-width: 300px) 100vw, 300px\" \/><\/figure>\n<\/div>\n\n\n\n<div class=\"wp-block-column is-layout-flow wp-block-column-is-layout-flow\" style=\"flex-basis:100%\">\n<h2 class=\"wp-block-heading alignwide\">Diada nacional de Catalunya<\/h2>\n\n\n\n<hr class=\"wp-block-separator has-text-color has-custom-calabaza-color has-alpha-channel-opacity has-custom-calabaza-background-color has-background\"\/>\n\n\n\n<p>Per celebrar la Diada Nacional de Catalunya, a la pastisseria La Palma elaborem pastissos i postres aix\u00ed com galetes i altres productes espec\u00edfics que faran d'aquesta festivitat un dia molt dol\u00e7.<\/p>\n<\/div>\n<\/div>\n<\/div>\n\n\n\n<div id=\"sant-jordi\" class=\"wp-block-group has-global-padding is-layout-constrained wp-container-core-group-is-layout-c5292bcf wp-block-group-is-layout-constrained\" style=\"padding-top:var(--wp--preset--spacing--60);padding-right:var(--wp--preset--spacing--30);padding-bottom:var(--wp--preset--spacing--60);padding-left:var(--wp--preset--spacing--30)\">\n<div class=\"wp-block-columns alignwide is-layout-flex wp-container-core-columns-is-layout-51c0b34d wp-block-columns-is-layout-flex\" style=\"padding-top:var(--wp--preset--spacing--50);padding-bottom:var(--wp--preset--spacing--50)\">\n<div class=\"wp-block-column is-layout-flow wp-block-column-is-layout-flow\" style=\"flex-basis:100%\">\n<figure class=\"wp-block-image aligncenter size-full\"><img loading=\"lazy\" decoding=\"async\" width=\"300\" height=\"300\" src=\"http:\/\/lapalma.apanymantel.info\/wp-content\/uploads\/2025\/09\/Sant-Jordi.jpg\" alt=\"Sant Jordi\" class=\"wp-image-11185\" srcset=\"https:\/\/pastisserialapalma.com\/wp-content\/uploads\/2025\/09\/Sant-Jordi.jpg 300w, https:\/\/pastisserialapalma.com\/wp-content\/uploads\/2025\/09\/Sant-Jordi-150x150.jpg 150w, https:\/\/pastisserialapalma.com\/wp-content\/uploads\/2025\/09\/Sant-Jordi-12x12.jpg 12w\" sizes=\"auto, (max-width: 300px) 100vw, 300px\" \/><\/figure>\n<\/div>\n\n\n\n<div class=\"wp-block-column is-layout-flow wp-block-column-is-layout-flow\" style=\"flex-basis:100%\">\n<h2 class=\"wp-block-heading alignwide\">Sant Jordi<\/h2>\n\n\n\n<hr class=\"wp-block-separator has-text-color has-custom-calabaza-color has-alpha-channel-opacity has-custom-calabaza-background-color has-background\"\/>\n\n\n\n<p class=\"translation-block\">A <strong>Sant Jordi<\/strong>, que se celebra el <strong>23 d'abril<\/strong>, els catalans commemoren la festivitat de <strong>Sant Jordi<\/strong>, patr\u00f3 de Catalunya. La tradici\u00f3 combina la llegenda del cavaller que va v\u00e8ncer el drac per salvar la princesa amb una dimensi\u00f3 cultural molt arrelada.<\/p>\n<\/div>\n<\/div>\n\n\n\n<div class=\"wp-block-group alignwide is-nowrap is-layout-flex wp-container-core-group-is-layout-6c531013 wp-block-group-is-layout-flex\">\n<p class=\"translation-block\">Segons el costum, els homes regalen una <strong>rosa<\/strong> a les dones, en record de la rosa que va brollar de la sang del drac ven\u00e7ut. Alhora, des de principis del segle XX, tamb\u00e9 s'ha est\u00e8s el costum que les dones regalin un <strong>llibre<\/strong> als homes, gr\u00e0cies a la coincid\u00e8ncia amb el Dia Internacional del Llibre i l'aniversari de la mort de Cervantes i Shakespeare.<\/p>\n<\/div>\n\n\n\n<figure class=\"wp-block-gallery alignwide has-nested-images columns-4 is-cropped wp-block-gallery-3 is-layout-flex wp-block-gallery-is-layout-flex\">\n<figure class=\"wp-block-image size-large\"><img loading=\"lazy\" decoding=\"async\" width=\"300\" height=\"300\" data-id=\"11229\" src=\"http:\/\/lapalma.apanymantel.info\/wp-content\/uploads\/2025\/09\/Libro-Sant-Jordi.jpg\" alt=\"rosas y libros de sant jordi\" class=\"wp-image-11229\" srcset=\"https:\/\/pastisserialapalma.com\/wp-content\/uploads\/2025\/09\/Libro-Sant-Jordi.jpg 300w, https:\/\/pastisserialapalma.com\/wp-content\/uploads\/2025\/09\/Libro-Sant-Jordi-150x150.jpg 150w, https:\/\/pastisserialapalma.com\/wp-content\/uploads\/2025\/09\/Libro-Sant-Jordi-12x12.jpg 12w\" sizes=\"auto, (max-width: 300px) 100vw, 300px\" \/><\/figure>\n\n\n\n<figure class=\"wp-block-image size-large\"><img loading=\"lazy\" decoding=\"async\" width=\"300\" height=\"300\" data-id=\"11230\" src=\"http:\/\/lapalma.apanymantel.info\/wp-content\/uploads\/2025\/09\/Mantequilla-Sant-Jordi.jpg\" alt=\"pastel de sant jordi\" class=\"wp-image-11230\" srcset=\"https:\/\/pastisserialapalma.com\/wp-content\/uploads\/2025\/09\/Mantequilla-Sant-Jordi.jpg 300w, https:\/\/pastisserialapalma.com\/wp-content\/uploads\/2025\/09\/Mantequilla-Sant-Jordi-150x150.jpg 150w, https:\/\/pastisserialapalma.com\/wp-content\/uploads\/2025\/09\/Mantequilla-Sant-Jordi-12x12.jpg 12w\" sizes=\"auto, (max-width: 300px) 100vw, 300px\" \/><\/figure>\n\n\n\n<figure class=\"wp-block-image size-large\"><img loading=\"lazy\" decoding=\"async\" width=\"300\" height=\"300\" data-id=\"11228\" src=\"http:\/\/lapalma.apanymantel.info\/wp-content\/uploads\/2025\/09\/Individual-sant-Jordi.jpg\" alt=\"\" class=\"wp-image-11228\" srcset=\"https:\/\/pastisserialapalma.com\/wp-content\/uploads\/2025\/09\/Individual-sant-Jordi.jpg 300w, https:\/\/pastisserialapalma.com\/wp-content\/uploads\/2025\/09\/Individual-sant-Jordi-150x150.jpg 150w, https:\/\/pastisserialapalma.com\/wp-content\/uploads\/2025\/09\/Individual-sant-Jordi-12x12.jpg 12w\" sizes=\"auto, (max-width: 300px) 100vw, 300px\" \/><\/figure>\n\n\n\n<figure class=\"wp-block-image size-large\"><img loading=\"lazy\" decoding=\"async\" width=\"300\" height=\"300\" data-id=\"11227\" src=\"http:\/\/lapalma.apanymantel.info\/wp-content\/uploads\/2025\/09\/Galleta-Sant-Jordi.jpg\" alt=\"\" class=\"wp-image-11227\" srcset=\"https:\/\/pastisserialapalma.com\/wp-content\/uploads\/2025\/09\/Galleta-Sant-Jordi.jpg 300w, https:\/\/pastisserialapalma.com\/wp-content\/uploads\/2025\/09\/Galleta-Sant-Jordi-150x150.jpg 150w, https:\/\/pastisserialapalma.com\/wp-content\/uploads\/2025\/09\/Galleta-Sant-Jordi-12x12.jpg 12w\" sizes=\"auto, (max-width: 300px) 100vw, 300px\" \/><\/figure>\n<\/figure>\n\n\n\n<div class=\"wp-block-group alignwide is-nowrap is-layout-flex wp-container-core-group-is-layout-6c531013 wp-block-group-is-layout-flex\">\n<p style=\"margin-top:0;margin-right:0px;margin-bottom:0;margin-left:0px\" class=\"translation-block\">Aix\u00ed, Sant Jordi s'ha convertit en una festa de l'<strong>amor i la cultura<\/strong>, on els carrers s'omplen de parades de llibres i roses, escriptors signen exemplars i se celebra la identitat catalana en un ambient festiu i popular.<\/p>\n<\/div>\n<\/div>\n\n\n\n<div id=\"monas-de-pascua\" class=\"wp-block-group has-global-padding is-layout-constrained wp-container-core-group-is-layout-c5292bcf wp-block-group-is-layout-constrained\" style=\"padding-top:var(--wp--preset--spacing--60);padding-right:var(--wp--preset--spacing--30);padding-bottom:var(--wp--preset--spacing--60);padding-left:var(--wp--preset--spacing--30)\">\n<div class=\"wp-block-columns alignwide is-layout-flex wp-container-core-columns-is-layout-51c0b34d wp-block-columns-is-layout-flex\" style=\"padding-top:var(--wp--preset--spacing--50);padding-bottom:var(--wp--preset--spacing--50)\">\n<div class=\"wp-block-column is-layout-flow wp-block-column-is-layout-flow\" style=\"flex-basis:100%\">\n<figure class=\"wp-block-image aligncenter size-full\"><img loading=\"lazy\" decoding=\"async\" width=\"600\" height=\"450\" src=\"http:\/\/lapalma.apanymantel.info\/wp-content\/uploads\/2025\/09\/chocolate-huevos-grandes.jpeg\" alt=\"Monas de chocolate\" class=\"wp-image-11348\" srcset=\"https:\/\/pastisserialapalma.com\/wp-content\/uploads\/2025\/09\/chocolate-huevos-grandes.jpeg 600w, https:\/\/pastisserialapalma.com\/wp-content\/uploads\/2025\/09\/chocolate-huevos-grandes-300x225.jpeg 300w, https:\/\/pastisserialapalma.com\/wp-content\/uploads\/2025\/09\/chocolate-huevos-grandes-16x12.jpeg 16w\" sizes=\"auto, (max-width: 600px) 100vw, 600px\" \/><\/figure>\n<\/div>\n\n\n\n<div class=\"wp-block-column is-layout-flow wp-block-column-is-layout-flow\" style=\"flex-basis:100%\">\n<h2 class=\"wp-block-heading alignwide\">Mones de pasqua<\/h2>\n\n\n\n<hr class=\"wp-block-separator has-text-color has-custom-calabaza-color has-alpha-channel-opacity has-custom-calabaza-background-color has-background\"\/>\n\n\n\n<p class=\"translation-block\">A Catalunya, la <strong>Mona de Pasqua<\/strong> \u00e9s un dol\u00e7 tradicional que es regala el <strong>Dilluns de Pasqua<\/strong>, dia festiu despr\u00e9s de la Setmana Santa. El costum t\u00e9 un fort component familiar: el padr\u00ed o padrina regala la mona al seu fillol o fillola com a s\u00edmbol d'afecte i de celebraci\u00f3 de la fi de la Quaresma.<\/p>\n<\/div>\n<\/div>\n\n\n\n<div class=\"wp-block-group alignwide is-nowrap is-layout-flex wp-container-core-group-is-layout-6c531013 wp-block-group-is-layout-flex\">\n<p>L'origen de la tradici\u00f3 es relaciona amb antics ritus de fertilitat i arribada de la primavera, en qu\u00e8 els ous representaven abund\u00e0ncia i vida nova. Amb el temps, l'Esgl\u00e9sia el va adaptar com a part de la Pasqua, quan els fidels deixaven enrere el dejuni i tornaven a gaudir d'aliments dol\u00e7os.<\/p>\n<\/div>\n\n\n\n<figure class=\"wp-block-gallery alignwide has-nested-images columns-4 is-cropped wp-block-gallery-4 is-layout-flex wp-block-gallery-is-layout-flex\">\n<figure class=\"wp-block-image size-large\"><img loading=\"lazy\" decoding=\"async\" width=\"300\" height=\"300\" data-id=\"11251\" src=\"http:\/\/lapalma.apanymantel.info\/wp-content\/uploads\/2025\/09\/Basquet-Camp.jpg\" alt=\"\" class=\"wp-image-11251\" srcset=\"https:\/\/pastisserialapalma.com\/wp-content\/uploads\/2025\/09\/Basquet-Camp.jpg 300w, https:\/\/pastisserialapalma.com\/wp-content\/uploads\/2025\/09\/Basquet-Camp-150x150.jpg 150w, https:\/\/pastisserialapalma.com\/wp-content\/uploads\/2025\/09\/Basquet-Camp-12x12.jpg 12w\" sizes=\"auto, (max-width: 300px) 100vw, 300px\" \/><\/figure>\n\n\n\n<figure class=\"wp-block-image size-large\"><img loading=\"lazy\" decoding=\"async\" width=\"300\" height=\"300\" data-id=\"11252\" src=\"http:\/\/lapalma.apanymantel.info\/wp-content\/uploads\/2025\/09\/Blanca-Nieves-2.jpg\" alt=\"\" class=\"wp-image-11252\" srcset=\"https:\/\/pastisserialapalma.com\/wp-content\/uploads\/2025\/09\/Blanca-Nieves-2.jpg 300w, https:\/\/pastisserialapalma.com\/wp-content\/uploads\/2025\/09\/Blanca-Nieves-2-150x150.jpg 150w, https:\/\/pastisserialapalma.com\/wp-content\/uploads\/2025\/09\/Blanca-Nieves-2-12x12.jpg 12w\" sizes=\"auto, (max-width: 300px) 100vw, 300px\" \/><\/figure>\n\n\n\n<figure class=\"wp-block-image size-large\"><img loading=\"lazy\" decoding=\"async\" width=\"300\" height=\"300\" data-id=\"11253\" src=\"http:\/\/lapalma.apanymantel.info\/wp-content\/uploads\/2025\/09\/Campo-Futbol.jpg\" alt=\"\" class=\"wp-image-11253\" srcset=\"https:\/\/pastisserialapalma.com\/wp-content\/uploads\/2025\/09\/Campo-Futbol.jpg 300w, https:\/\/pastisserialapalma.com\/wp-content\/uploads\/2025\/09\/Campo-Futbol-150x150.jpg 150w, https:\/\/pastisserialapalma.com\/wp-content\/uploads\/2025\/09\/Campo-Futbol-12x12.jpg 12w\" sizes=\"auto, (max-width: 300px) 100vw, 300px\" \/><\/figure>\n\n\n\n<figure class=\"wp-block-image size-large\"><img loading=\"lazy\" decoding=\"async\" width=\"300\" height=\"300\" data-id=\"11254\" src=\"http:\/\/lapalma.apanymantel.info\/wp-content\/uploads\/2025\/09\/Junkito.jpg\" alt=\"\" class=\"wp-image-11254\" srcset=\"https:\/\/pastisserialapalma.com\/wp-content\/uploads\/2025\/09\/Junkito.jpg 300w, https:\/\/pastisserialapalma.com\/wp-content\/uploads\/2025\/09\/Junkito-150x150.jpg 150w, https:\/\/pastisserialapalma.com\/wp-content\/uploads\/2025\/09\/Junkito-12x12.jpg 12w\" sizes=\"auto, (max-width: 300px) 100vw, 300px\" \/><\/figure>\n\n\n\n<figure class=\"wp-block-image size-large\"><img loading=\"lazy\" decoding=\"async\" width=\"300\" height=\"300\" data-id=\"11255\" src=\"http:\/\/lapalma.apanymantel.info\/wp-content\/uploads\/2025\/09\/LEGO-GIGANTE.jpg\" alt=\"\" class=\"wp-image-11255\" srcset=\"https:\/\/pastisserialapalma.com\/wp-content\/uploads\/2025\/09\/LEGO-GIGANTE.jpg 300w, https:\/\/pastisserialapalma.com\/wp-content\/uploads\/2025\/09\/LEGO-GIGANTE-150x150.jpg 150w, https:\/\/pastisserialapalma.com\/wp-content\/uploads\/2025\/09\/LEGO-GIGANTE-12x12.jpg 12w\" sizes=\"auto, (max-width: 300px) 100vw, 300px\" \/><\/figure>\n\n\n\n<figure class=\"wp-block-image size-large\"><img loading=\"lazy\" decoding=\"async\" width=\"300\" height=\"300\" data-id=\"11256\" src=\"http:\/\/lapalma.apanymantel.info\/wp-content\/uploads\/2025\/09\/Mona-quemada-sin-azucar.jpg\" alt=\"\" class=\"wp-image-11256\" srcset=\"https:\/\/pastisserialapalma.com\/wp-content\/uploads\/2025\/09\/Mona-quemada-sin-azucar.jpg 300w, https:\/\/pastisserialapalma.com\/wp-content\/uploads\/2025\/09\/Mona-quemada-sin-azucar-150x150.jpg 150w, https:\/\/pastisserialapalma.com\/wp-content\/uploads\/2025\/09\/Mona-quemada-sin-azucar-12x12.jpg 12w\" sizes=\"auto, (max-width: 300px) 100vw, 300px\" \/><\/figure>\n\n\n\n<figure class=\"wp-block-image size-large\"><img loading=\"lazy\" decoding=\"async\" width=\"300\" height=\"300\" data-id=\"11257\" src=\"http:\/\/lapalma.apanymantel.info\/wp-content\/uploads\/2025\/09\/Mona-quemada-sin-azucar-2.jpg\" alt=\"\" class=\"wp-image-11257\" srcset=\"https:\/\/pastisserialapalma.com\/wp-content\/uploads\/2025\/09\/Mona-quemada-sin-azucar-2.jpg 300w, https:\/\/pastisserialapalma.com\/wp-content\/uploads\/2025\/09\/Mona-quemada-sin-azucar-2-150x150.jpg 150w, https:\/\/pastisserialapalma.com\/wp-content\/uploads\/2025\/09\/Mona-quemada-sin-azucar-2-12x12.jpg 12w\" sizes=\"auto, (max-width: 300px) 100vw, 300px\" \/><\/figure>\n\n\n\n<figure class=\"wp-block-image size-large\"><img loading=\"lazy\" decoding=\"async\" width=\"300\" height=\"300\" data-id=\"11258\" src=\"http:\/\/lapalma.apanymantel.info\/wp-content\/uploads\/2025\/09\/Zapato-Talon.jpg\" alt=\"\" class=\"wp-image-11258\" srcset=\"https:\/\/pastisserialapalma.com\/wp-content\/uploads\/2025\/09\/Zapato-Talon.jpg 300w, https:\/\/pastisserialapalma.com\/wp-content\/uploads\/2025\/09\/Zapato-Talon-150x150.jpg 150w, https:\/\/pastisserialapalma.com\/wp-content\/uploads\/2025\/09\/Zapato-Talon-12x12.jpg 12w\" sizes=\"auto, (max-width: 300px) 100vw, 300px\" \/><\/figure>\n<\/figure>\n\n\n\n<div class=\"wp-block-group alignwide is-nowrap is-layout-flex wp-container-core-group-is-layout-6c531013 wp-block-group-is-layout-flex\">\n<p style=\"margin-top:0;margin-right:0px;margin-bottom:0;margin-left:0px\" class=\"translation-block\">Avui dia, la mona ha evolucionat des de <strong>el pa de pessic senzill amb ous durs<\/strong> fins a <strong>elaborades creacions de xocolata amb figures, personatges i aut\u00e8ntiques escultures<\/strong>. M\u00e9s enll\u00e0 del dol\u00e7, simbolitza uni\u00f3 familiar i alegria per la renovaci\u00f3 de la vida.<\/p>\n<\/div>\n<\/div>\n\n\n\n<div id=\"roscones\" class=\"wp-block-group has-global-padding is-layout-constrained wp-container-core-group-is-layout-c5292bcf wp-block-group-is-layout-constrained\" style=\"padding-top:var(--wp--preset--spacing--60);padding-right:var(--wp--preset--spacing--30);padding-bottom:var(--wp--preset--spacing--60);padding-left:var(--wp--preset--spacing--30)\">\n<div class=\"wp-block-columns alignwide is-layout-flex wp-container-core-columns-is-layout-51c0b34d wp-block-columns-is-layout-flex\" style=\"padding-top:var(--wp--preset--spacing--50);padding-bottom:var(--wp--preset--spacing--50)\">\n<div class=\"wp-block-column is-layout-flow wp-block-column-is-layout-flow\" style=\"flex-basis:100%\">\n<figure class=\"wp-block-gallery has-nested-images columns-2 is-cropped wp-block-gallery-5 is-layout-flex wp-block-gallery-is-layout-flex\">\n<figure class=\"wp-block-image size-large\"><img loading=\"lazy\" decoding=\"async\" width=\"294\" height=\"294\" data-id=\"11184\" src=\"http:\/\/lapalma.apanymantel.info\/wp-content\/uploads\/2025\/09\/reyes.jpg\" alt=\"\" class=\"wp-image-11184\" srcset=\"https:\/\/pastisserialapalma.com\/wp-content\/uploads\/2025\/09\/reyes.jpg 294w, https:\/\/pastisserialapalma.com\/wp-content\/uploads\/2025\/09\/reyes-150x150.jpg 150w, https:\/\/pastisserialapalma.com\/wp-content\/uploads\/2025\/09\/reyes-12x12.jpg 12w\" sizes=\"auto, (max-width: 294px) 100vw, 294px\" \/><\/figure>\n\n\n\n<figure class=\"wp-block-image size-large\"><img loading=\"lazy\" decoding=\"async\" width=\"1024\" height=\"768\" data-id=\"9469\" src=\"http:\/\/lapalma.apanymantel.info\/wp-content\/uploads\/2024\/12\/Roscon-scaled-2-1024x768.webp\" alt=\"comprar rosc\u00f3n de reyes\" class=\"wp-image-9469\" srcset=\"https:\/\/pastisserialapalma.com\/wp-content\/uploads\/2024\/12\/Roscon-scaled-2-1024x768.webp 1024w, https:\/\/pastisserialapalma.com\/wp-content\/uploads\/2024\/12\/Roscon-scaled-2-300x225.webp 300w, https:\/\/pastisserialapalma.com\/wp-content\/uploads\/2024\/12\/Roscon-scaled-2-768x576.webp 768w, https:\/\/pastisserialapalma.com\/wp-content\/uploads\/2024\/12\/Roscon-scaled-2-1536x1152.webp 1536w, https:\/\/pastisserialapalma.com\/wp-content\/uploads\/2024\/12\/Roscon-scaled-2-2048x1536.webp 2048w, https:\/\/pastisserialapalma.com\/wp-content\/uploads\/2024\/12\/Roscon-scaled-2-16x12.webp 16w\" sizes=\"auto, (max-width: 1024px) 100vw, 1024px\" \/><\/figure>\n\n\n\n<figure class=\"wp-block-image size-large\"><img loading=\"lazy\" decoding=\"async\" width=\"1024\" height=\"683\" data-id=\"9464\" src=\"http:\/\/lapalma.apanymantel.info\/wp-content\/uploads\/2024\/12\/CoronaReyes-1024x683.webp\" alt=\"\" class=\"wp-image-9464\" srcset=\"https:\/\/pastisserialapalma.com\/wp-content\/uploads\/2024\/12\/CoronaReyes-1024x683.webp 1024w, https:\/\/pastisserialapalma.com\/wp-content\/uploads\/2024\/12\/CoronaReyes-300x200.webp 300w, https:\/\/pastisserialapalma.com\/wp-content\/uploads\/2024\/12\/CoronaReyes-768x512.webp 768w, https:\/\/pastisserialapalma.com\/wp-content\/uploads\/2024\/12\/CoronaReyes-1536x1024.webp 1536w, https:\/\/pastisserialapalma.com\/wp-content\/uploads\/2024\/12\/CoronaReyes-18x12.webp 18w, https:\/\/pastisserialapalma.com\/wp-content\/uploads\/2024\/12\/CoronaReyes.webp 1920w\" sizes=\"auto, (max-width: 1024px) 100vw, 1024px\" \/><\/figure>\n\n\n\n<figure class=\"wp-block-image size-large\"><img loading=\"lazy\" decoding=\"async\" width=\"788\" height=\"900\" data-id=\"9514\" src=\"http:\/\/lapalma.apanymantel.info\/wp-content\/uploads\/2025\/01\/RosconMazapan.webp\" alt=\"Ros\u00f3n de mazap\u00e1n para San Antonio Abad\" class=\"wp-image-9514\" srcset=\"https:\/\/pastisserialapalma.com\/wp-content\/uploads\/2025\/01\/RosconMazapan.webp 788w, https:\/\/pastisserialapalma.com\/wp-content\/uploads\/2025\/01\/RosconMazapan-263x300.webp 263w, https:\/\/pastisserialapalma.com\/wp-content\/uploads\/2025\/01\/RosconMazapan-768x877.webp 768w, https:\/\/pastisserialapalma.com\/wp-content\/uploads\/2025\/01\/RosconMazapan-11x12.webp 11w\" sizes=\"auto, (max-width: 788px) 100vw, 788px\" \/><\/figure>\n<\/figure>\n<\/div>\n\n\n\n<div class=\"wp-block-column is-layout-flow wp-block-column-is-layout-flow\" style=\"flex-basis:100%\">\n<h2 class=\"wp-block-heading alignwide\">Tortell de Reis<\/h2>\n\n\n\n<hr class=\"wp-block-separator has-text-color has-custom-calabaza-color has-alpha-channel-opacity has-custom-calabaza-background-color has-background\"\/>\n\n\n\n<p>Elaborem multitud de tortells de reis, tant el b\u00e0sic sense farcit farcits de nata, trufa o crema.<\/p>\n\n\n\n<p>A m\u00e9s,\ntamb\u00e9 hi ha l\u2019opci\u00f3 de tortells sense gluten pels cel\u00edacs.<\/p>\n\n\n\n<p>Trieu el tortell que m\u00e9s us agradi per celebrar els reis en fam\u00edlia.<\/p>\n<\/div>\n<\/div>\n<\/div>\n\n\n\n<div id=\"san-valentin\" class=\"wp-block-group has-global-padding is-layout-constrained wp-container-core-group-is-layout-c5292bcf wp-block-group-is-layout-constrained\" style=\"padding-top:var(--wp--preset--spacing--60);padding-right:var(--wp--preset--spacing--30);padding-bottom:var(--wp--preset--spacing--60);padding-left:var(--wp--preset--spacing--30)\">\n<div class=\"wp-block-columns alignwide is-layout-flex wp-container-core-columns-is-layout-51c0b34d wp-block-columns-is-layout-flex\" style=\"padding-top:var(--wp--preset--spacing--50);padding-bottom:var(--wp--preset--spacing--50)\">\n<div class=\"wp-block-column is-layout-flow wp-block-column-is-layout-flow\" style=\"flex-basis:100%\">\n<figure class=\"wp-block-gallery has-nested-images columns-2 is-cropped wp-block-gallery-6 is-layout-flex wp-block-gallery-is-layout-flex\">\n<figure class=\"wp-block-image size-large\"><img loading=\"lazy\" decoding=\"async\" width=\"300\" height=\"300\" data-id=\"11187\" src=\"http:\/\/lapalma.apanymantel.info\/wp-content\/uploads\/2025\/09\/san-valentin-2.jpg\" alt=\"tarta de san valent\u00edn\" class=\"wp-image-11187\" srcset=\"https:\/\/pastisserialapalma.com\/wp-content\/uploads\/2025\/09\/san-valentin-2.jpg 300w, https:\/\/pastisserialapalma.com\/wp-content\/uploads\/2025\/09\/san-valentin-2-150x150.jpg 150w, https:\/\/pastisserialapalma.com\/wp-content\/uploads\/2025\/09\/san-valentin-2-12x12.jpg 12w\" sizes=\"auto, (max-width: 300px) 100vw, 300px\" \/><\/figure>\n\n\n\n<figure class=\"wp-block-image size-large\"><img loading=\"lazy\" decoding=\"async\" width=\"300\" height=\"300\" data-id=\"11186\" src=\"http:\/\/lapalma.apanymantel.info\/wp-content\/uploads\/2025\/09\/san-valentin-1.jpg\" alt=\"tarta de san valent\u00edn\" class=\"wp-image-11186\" srcset=\"https:\/\/pastisserialapalma.com\/wp-content\/uploads\/2025\/09\/san-valentin-1.jpg 300w, https:\/\/pastisserialapalma.com\/wp-content\/uploads\/2025\/09\/san-valentin-1-150x150.jpg 150w, https:\/\/pastisserialapalma.com\/wp-content\/uploads\/2025\/09\/san-valentin-1-12x12.jpg 12w\" sizes=\"auto, (max-width: 300px) 100vw, 300px\" \/><\/figure>\n<\/figure>\n<\/div>\n\n\n\n<div class=\"wp-block-column is-layout-flow wp-block-column-is-layout-flow\" style=\"flex-basis:100%\">\n<h2 class=\"wp-block-heading alignwide\">Sant Valent\u00ed<\/h2>\n\n\n\n<hr class=\"wp-block-separator has-text-color has-custom-calabaza-color has-alpha-channel-opacity has-custom-calabaza-background-color has-background\"\/>\n\n\n\n<p class=\"translation-block\">El <strong>Dia de Sant Valent\u00ed<\/strong> se celebra com una ocasi\u00f3 especial per demostrar amor i afecte.<\/p>\n\n\n\n<p class=\"translation-block\">La <strong>pastisseria La Palma<\/strong> es converteix en protagonista amb els seus exquisits pastissos tem\u00e0tics. Cada any sorprenem amb creacions \u00faniques: des de pastissos en forma de cor fins a combinacions de xocolata i fruites fresques, decorades amb delicats detalls artesanals.<\/p>\n\n\n\n<p>Aquestes postres no nom\u00e9s delecten el paladar, sin\u00f3 que tamb\u00e9 es converteixen en un s\u00edmbol dol\u00e7 del romanticisme compartit.<\/p>\n<\/div>\n<\/div>\n<\/div>\n\n\n\n<div id=\"dia-de-la-mujer\" class=\"wp-block-group has-global-padding is-layout-constrained wp-container-core-group-is-layout-c5292bcf wp-block-group-is-layout-constrained\" style=\"padding-top:var(--wp--preset--spacing--60);padding-right:var(--wp--preset--spacing--30);padding-bottom:var(--wp--preset--spacing--60);padding-left:var(--wp--preset--spacing--30)\">\n<div class=\"wp-block-columns alignwide is-layout-flex wp-container-core-columns-is-layout-51c0b34d wp-block-columns-is-layout-flex\" style=\"padding-top:var(--wp--preset--spacing--50);padding-bottom:var(--wp--preset--spacing--50)\">\n<div class=\"wp-block-column is-layout-flow wp-block-column-is-layout-flow\" style=\"flex-basis:100%\">\n<figure class=\"wp-block-image aligncenter size-full is-resized\"><img loading=\"lazy\" decoding=\"async\" width=\"300\" height=\"300\" src=\"http:\/\/lapalma.apanymantel.info\/wp-content\/uploads\/2025\/09\/dia-de-la-mujer.jpg\" alt=\"pastel d\u00eda de la mujer\" class=\"wp-image-11172\" style=\"width:380px;height:auto\" srcset=\"https:\/\/pastisserialapalma.com\/wp-content\/uploads\/2025\/09\/dia-de-la-mujer.jpg 300w, https:\/\/pastisserialapalma.com\/wp-content\/uploads\/2025\/09\/dia-de-la-mujer-150x150.jpg 150w, https:\/\/pastisserialapalma.com\/wp-content\/uploads\/2025\/09\/dia-de-la-mujer-12x12.jpg 12w\" sizes=\"auto, (max-width: 300px) 100vw, 300px\" \/><\/figure>\n<\/div>\n\n\n\n<div class=\"wp-block-column is-layout-flow wp-block-column-is-layout-flow\" style=\"flex-basis:100%\">\n<h2 class=\"wp-block-heading alignwide\">Dia de la dona<\/h2>\n\n\n\n<hr class=\"wp-block-separator has-text-color has-custom-calabaza-color has-alpha-channel-opacity has-custom-calabaza-background-color has-background\"\/>\n\n\n\n<p class=\"translation-block\">El <strong>Dia Internacional de la Dona<\/strong>, celebrat el <strong>8 de mar\u00e7<\/strong>, reivindica la igualtat de drets i oportunitats entre dones i homes. Commemora la lluita hist\u00f2rica femenina contra la discriminaci\u00f3, la viol\u00e8ncia i la desigualtat laboral. \u00c9s tamb\u00e9 una jornada de reflexi\u00f3, manifestacions i reconeixement als \u00e8xits aconseguits per les dones.<\/p>\n\n\n\n<p>Per aix\u00f2 a pastisseria La Palma ho celebrem com sabem elaborant dol\u00e7os i pastissos per a aquest dia de la dona tan assenyalat<\/p>\n<\/div>\n<\/div>\n<\/div>\n\n\n\n<div id=\"dia-de-la-madre\" class=\"wp-block-group has-global-padding is-layout-constrained wp-container-core-group-is-layout-c5292bcf wp-block-group-is-layout-constrained\" style=\"padding-top:var(--wp--preset--spacing--60);padding-right:var(--wp--preset--spacing--30);padding-bottom:var(--wp--preset--spacing--60);padding-left:var(--wp--preset--spacing--30)\">\n<div class=\"wp-block-columns alignwide is-layout-flex wp-container-core-columns-is-layout-51c0b34d wp-block-columns-is-layout-flex\" style=\"padding-top:var(--wp--preset--spacing--50);padding-bottom:var(--wp--preset--spacing--50)\">\n<div class=\"wp-block-column is-layout-flow wp-block-column-is-layout-flow\" style=\"flex-basis:100%\">\n<figure class=\"wp-block-gallery has-nested-images columns-2 is-cropped wp-block-gallery-7 is-layout-flex wp-block-gallery-is-layout-flex\">\n<figure class=\"wp-block-image size-large\"><img loading=\"lazy\" decoding=\"async\" width=\"300\" height=\"300\" data-id=\"11170\" src=\"http:\/\/lapalma.apanymantel.info\/wp-content\/uploads\/2025\/09\/dia-de-la-madre3.jpg\" alt=\"D\u00eda de la madre\" class=\"wp-image-11170\" srcset=\"https:\/\/pastisserialapalma.com\/wp-content\/uploads\/2025\/09\/dia-de-la-madre3.jpg 300w, https:\/\/pastisserialapalma.com\/wp-content\/uploads\/2025\/09\/dia-de-la-madre3-150x150.jpg 150w, https:\/\/pastisserialapalma.com\/wp-content\/uploads\/2025\/09\/dia-de-la-madre3-12x12.jpg 12w\" sizes=\"auto, (max-width: 300px) 100vw, 300px\" \/><\/figure>\n\n\n\n<figure class=\"wp-block-image size-large\"><img loading=\"lazy\" decoding=\"async\" width=\"300\" height=\"300\" data-id=\"11168\" src=\"http:\/\/lapalma.apanymantel.info\/wp-content\/uploads\/2025\/09\/dia-de-la-madre1.jpg\" alt=\"tarta para el d\u00eda de la madre\" class=\"wp-image-11168\" srcset=\"https:\/\/pastisserialapalma.com\/wp-content\/uploads\/2025\/09\/dia-de-la-madre1.jpg 300w, https:\/\/pastisserialapalma.com\/wp-content\/uploads\/2025\/09\/dia-de-la-madre1-150x150.jpg 150w, https:\/\/pastisserialapalma.com\/wp-content\/uploads\/2025\/09\/dia-de-la-madre1-12x12.jpg 12w\" sizes=\"auto, (max-width: 300px) 100vw, 300px\" \/><\/figure>\n<\/figure>\n<\/div>\n\n\n\n<div class=\"wp-block-column is-layout-flow wp-block-column-is-layout-flow\" style=\"flex-basis:100%\">\n<h2 class=\"wp-block-heading alignwide\">Dia de la mare<\/h2>\n\n\n\n<hr class=\"wp-block-separator has-text-color has-custom-calabaza-color has-alpha-channel-opacity has-custom-calabaza-background-color has-background\"\/>\n\n\n\n<p class=\"translation-block\">Se celebra cada any el <strong>primer diumenge de maig.<\/strong> Aquesta festivitat \u00e9s un important homenatge a totes les mares i no hi ha millor manera de celebrar-ho que menjant en fam\u00edlia i per postres un espectacular past\u00eds de Pastisseria La Palma, elaborat especialment per a aquesta ocasi\u00f3.<\/p>\n<\/div>\n<\/div>\n<\/div>\n\n\n\n<div id=\"dia-del-padre\" class=\"wp-block-group has-global-padding is-layout-constrained wp-container-core-group-is-layout-c5292bcf wp-block-group-is-layout-constrained\" style=\"padding-top:var(--wp--preset--spacing--60);padding-right:var(--wp--preset--spacing--30);padding-bottom:var(--wp--preset--spacing--60);padding-left:var(--wp--preset--spacing--30)\">\n<div class=\"wp-block-columns alignwide is-layout-flex wp-container-core-columns-is-layout-51c0b34d wp-block-columns-is-layout-flex\" style=\"padding-top:var(--wp--preset--spacing--50);padding-bottom:var(--wp--preset--spacing--50)\">\n<div class=\"wp-block-column is-layout-flow wp-block-column-is-layout-flow\" style=\"flex-basis:100%\">\n<figure class=\"wp-block-image aligncenter size-full is-resized\"><img loading=\"lazy\" decoding=\"async\" width=\"202\" height=\"202\" src=\"http:\/\/lapalma.apanymantel.info\/wp-content\/uploads\/2025\/09\/dia-del-padre-1.jpg\" alt=\"D\u00eda del padre\" class=\"wp-image-11173\" style=\"width:348px;height:auto\" srcset=\"https:\/\/pastisserialapalma.com\/wp-content\/uploads\/2025\/09\/dia-del-padre-1.jpg 202w, https:\/\/pastisserialapalma.com\/wp-content\/uploads\/2025\/09\/dia-del-padre-1-150x150.jpg 150w, https:\/\/pastisserialapalma.com\/wp-content\/uploads\/2025\/09\/dia-del-padre-1-12x12.jpg 12w\" sizes=\"auto, (max-width: 202px) 100vw, 202px\" \/><\/figure>\n<\/div>\n\n\n\n<div class=\"wp-block-column is-layout-flow wp-block-column-is-layout-flow\" style=\"flex-basis:100%\">\n<h2 class=\"wp-block-heading alignwide\">Dia del pare<\/h2>\n\n\n\n<hr class=\"wp-block-separator has-text-color has-custom-calabaza-color has-alpha-channel-opacity has-custom-calabaza-background-color has-background\"\/>\n\n\n\n<p class=\"translation-block\">El <strong>Dia del Pare<\/strong>, celebrat el <strong>19 de mar\u00e7<\/strong> a Espanya, coincideix amb la festivitat de <strong>San Josep<\/strong>, pare de Jes\u00fas. \u00c9s una jornada dedicada a honrar la figura paterna, reconeixent-ne l'amor, l'esfor\u00e7 i la dedicaci\u00f3. Fam\u00edlies expressen gratitud amb regals, gestos afectius i reunions plenes d'afecte.<\/p>\n\n\n\n<p>Per aix\u00f2 a pastisseria La Palma ho celebrem com sabem elaborant dol\u00e7os i pastissos per a aquest dia del pare que tant ens agrada<\/p>\n<\/div>\n<\/div>\n<\/div>\n\n\n\n<div id=\"halloween\" class=\"wp-block-group has-global-padding is-layout-constrained wp-container-core-group-is-layout-c5292bcf wp-block-group-is-layout-constrained\" style=\"padding-top:var(--wp--preset--spacing--60);padding-right:var(--wp--preset--spacing--30);padding-bottom:var(--wp--preset--spacing--60);padding-left:var(--wp--preset--spacing--30)\">\n<div class=\"wp-block-columns alignwide is-layout-flex wp-container-core-columns-is-layout-51c0b34d wp-block-columns-is-layout-flex\" style=\"padding-top:var(--wp--preset--spacing--50);padding-bottom:var(--wp--preset--spacing--50)\">\n<div class=\"wp-block-column is-layout-flow wp-block-column-is-layout-flow\" style=\"flex-basis:100%\">\n<figure class=\"wp-block-gallery has-nested-images columns-2 is-cropped wp-block-gallery-8 is-layout-flex wp-block-gallery-is-layout-flex\">\n<figure class=\"wp-block-image size-large\"><img loading=\"lazy\" decoding=\"async\" width=\"300\" height=\"300\" data-id=\"11177\" src=\"http:\/\/lapalma.apanymantel.info\/wp-content\/uploads\/2025\/09\/halloween-3.jpg\" alt=\"\" class=\"wp-image-11177\" srcset=\"https:\/\/pastisserialapalma.com\/wp-content\/uploads\/2025\/09\/halloween-3.jpg 300w, https:\/\/pastisserialapalma.com\/wp-content\/uploads\/2025\/09\/halloween-3-150x150.jpg 150w, https:\/\/pastisserialapalma.com\/wp-content\/uploads\/2025\/09\/halloween-3-12x12.jpg 12w\" sizes=\"auto, (max-width: 300px) 100vw, 300px\" \/><\/figure>\n\n\n\n<figure class=\"wp-block-image size-large\"><img loading=\"lazy\" decoding=\"async\" width=\"300\" height=\"300\" data-id=\"11176\" src=\"http:\/\/lapalma.apanymantel.info\/wp-content\/uploads\/2025\/09\/halloween-2.jpg\" alt=\"\" class=\"wp-image-11176\" srcset=\"https:\/\/pastisserialapalma.com\/wp-content\/uploads\/2025\/09\/halloween-2.jpg 300w, https:\/\/pastisserialapalma.com\/wp-content\/uploads\/2025\/09\/halloween-2-150x150.jpg 150w, https:\/\/pastisserialapalma.com\/wp-content\/uploads\/2025\/09\/halloween-2-12x12.jpg 12w\" sizes=\"auto, (max-width: 300px) 100vw, 300px\" \/><\/figure>\n\n\n\n<figure class=\"wp-block-image size-large\"><img loading=\"lazy\" decoding=\"async\" width=\"300\" height=\"300\" data-id=\"11175\" src=\"http:\/\/lapalma.apanymantel.info\/wp-content\/uploads\/2025\/09\/halloween-1.jpg\" alt=\"galletas de halloween\" class=\"wp-image-11175\" srcset=\"https:\/\/pastisserialapalma.com\/wp-content\/uploads\/2025\/09\/halloween-1.jpg 300w, https:\/\/pastisserialapalma.com\/wp-content\/uploads\/2025\/09\/halloween-1-150x150.jpg 150w, https:\/\/pastisserialapalma.com\/wp-content\/uploads\/2025\/09\/halloween-1-12x12.jpg 12w\" sizes=\"auto, (max-width: 300px) 100vw, 300px\" \/><\/figure>\n<\/figure>\n<\/div>\n\n\n\n<div class=\"wp-block-column is-layout-flow wp-block-column-is-layout-flow\" style=\"flex-basis:100%\">\n<h2 class=\"wp-block-heading alignwide\">Halloween<\/h2>\n\n\n\n<hr class=\"wp-block-separator has-text-color has-custom-calabaza-color has-alpha-channel-opacity has-custom-calabaza-background-color has-background\"\/>\n\n\n\n<p>La festa de Halloween \u00e9s una celebraci\u00f3 nocturna plena de misteri i diversi\u00f3, on fantasmes, bruixes, carbasses i disfresses terror\u00edfiques es barregen amb llums t\u00e8nues. Es decoren cases i espais amb teranyines, espelmes, esquelets i motius foscos, mentre els nens van porta a porta demanant \u201ctruco o trato\u201d. Tamb\u00e9 s'organitzen festes, jocs i hist\u00f2ries de por, i els dol\u00e7os s\u00f3n clau: xocolates, caramels\u2026 i galetes amb dissenys esgarrifosos.<\/p>\n\n\n\n<p class=\"translation-block\">A <strong>Pastisseria La Palma<\/strong>, a m\u00e9s dels seus tradicionals <em>panellets<\/em> per a la Castanyada, elaboren galetes artesanes especials per a Halloween. Aquestes galetes s\u00f3n decorades amb motius festius i terror\u00edfics (com fantasmes, carbasses, esquelets\u2026), pensades per encantar els m\u00e9s petits i complementar la dol\u00e7a ambientaci\u00f3 de tardor.<\/p>\n<\/div>\n<\/div>\n<\/div>\n\n\n\n<div id=\"todos-los-santos\" class=\"wp-block-group has-global-padding is-layout-constrained wp-container-core-group-is-layout-c5292bcf wp-block-group-is-layout-constrained\" style=\"padding-top:var(--wp--preset--spacing--60);padding-right:var(--wp--preset--spacing--30);padding-bottom:var(--wp--preset--spacing--60);padding-left:var(--wp--preset--spacing--30)\">\n<div class=\"wp-block-columns alignwide is-layout-flex wp-container-core-columns-is-layout-51c0b34d wp-block-columns-is-layout-flex\" style=\"padding-top:var(--wp--preset--spacing--50);padding-bottom:var(--wp--preset--spacing--50)\">\n<div class=\"wp-block-column is-layout-flow wp-block-column-is-layout-flow\" style=\"flex-basis:100%\">\n<figure class=\"wp-block-gallery has-nested-images columns-2 is-cropped wp-block-gallery-9 is-layout-flex wp-block-gallery-is-layout-flex\">\n<figure class=\"wp-block-image size-large\"><img loading=\"lazy\" decoding=\"async\" width=\"300\" height=\"300\" data-id=\"11289\" src=\"http:\/\/lapalma.apanymantel.info\/wp-content\/uploads\/2025\/09\/Panellets-3.jpg\" alt=\"\" class=\"wp-image-11289\" srcset=\"https:\/\/pastisserialapalma.com\/wp-content\/uploads\/2025\/09\/Panellets-3.jpg 300w, https:\/\/pastisserialapalma.com\/wp-content\/uploads\/2025\/09\/Panellets-3-150x150.jpg 150w, https:\/\/pastisserialapalma.com\/wp-content\/uploads\/2025\/09\/Panellets-3-12x12.jpg 12w\" sizes=\"auto, (max-width: 300px) 100vw, 300px\" \/><\/figure>\n\n\n\n<figure class=\"wp-block-image size-large\"><img loading=\"lazy\" decoding=\"async\" width=\"300\" height=\"300\" data-id=\"11288\" src=\"http:\/\/lapalma.apanymantel.info\/wp-content\/uploads\/2025\/09\/Panellets-2.jpg\" alt=\"\" class=\"wp-image-11288\" srcset=\"https:\/\/pastisserialapalma.com\/wp-content\/uploads\/2025\/09\/Panellets-2.jpg 300w, https:\/\/pastisserialapalma.com\/wp-content\/uploads\/2025\/09\/Panellets-2-150x150.jpg 150w, https:\/\/pastisserialapalma.com\/wp-content\/uploads\/2025\/09\/Panellets-2-12x12.jpg 12w\" sizes=\"auto, (max-width: 300px) 100vw, 300px\" \/><\/figure>\n\n\n\n<figure class=\"wp-block-image size-large\"><img loading=\"lazy\" decoding=\"async\" width=\"300\" height=\"300\" data-id=\"11287\" src=\"http:\/\/lapalma.apanymantel.info\/wp-content\/uploads\/2025\/09\/Panellets.jpg\" alt=\"\" class=\"wp-image-11287\" srcset=\"https:\/\/pastisserialapalma.com\/wp-content\/uploads\/2025\/09\/Panellets.jpg 300w, https:\/\/pastisserialapalma.com\/wp-content\/uploads\/2025\/09\/Panellets-150x150.jpg 150w, https:\/\/pastisserialapalma.com\/wp-content\/uploads\/2025\/09\/Panellets-12x12.jpg 12w\" sizes=\"auto, (max-width: 300px) 100vw, 300px\" \/><\/figure>\n\n\n\n<figure class=\"wp-block-image size-large\"><img loading=\"lazy\" decoding=\"async\" width=\"300\" height=\"300\" data-id=\"11286\" src=\"http:\/\/lapalma.apanymantel.info\/wp-content\/uploads\/2025\/09\/Panellet-de-Pinon.jpg\" alt=\"\" class=\"wp-image-11286\" srcset=\"https:\/\/pastisserialapalma.com\/wp-content\/uploads\/2025\/09\/Panellet-de-Pinon.jpg 300w, https:\/\/pastisserialapalma.com\/wp-content\/uploads\/2025\/09\/Panellet-de-Pinon-150x150.jpg 150w, https:\/\/pastisserialapalma.com\/wp-content\/uploads\/2025\/09\/Panellet-de-Pinon-12x12.jpg 12w\" sizes=\"auto, (max-width: 300px) 100vw, 300px\" \/><\/figure>\n<\/figure>\n<\/div>\n\n\n\n<div class=\"wp-block-column is-layout-flow wp-block-column-is-layout-flow\" style=\"flex-basis:100%\">\n<h2 class=\"wp-block-heading alignwide\">Tots els sants<\/h2>\n\n\n\n<hr class=\"wp-block-separator has-text-color has-custom-calabaza-color has-alpha-channel-opacity has-custom-calabaza-background-color has-background\"\/>\n\n\n\n<p class=\"translation-block\">La festivitat de Tots Sants, celebrada l'1 de novembre, honra tots els sants i recorda els difunts amb flors i visites als cementiris. A Catalunya aquesta data s'acompanya d'una tradici\u00f3 gastron\u00f2mica molt especial: els <strong>panellets<\/strong>, petits dol\u00e7os elaborats amb ametlla, sucre i pinyons, entre d'altres ingredients. La seva preparaci\u00f3 i consum es converteixen en s\u00edmbol d'uni\u00f3 familiar, compartits juntament amb castanyes rostides i moniatos, a la coneguda <strong>Castanyada catalana<\/strong>.<\/p>\n\n\n\n<p class=\"translation-block\">A <strong>Pastisseria La Palma<\/strong>, elaborem multitud de deliciosos panellets ideals per regalar o degustar en fam\u00edlia<\/p>\n<\/div>\n<\/div>\n<\/div>\n\n\n\n<div id=\"sant-joan\" class=\"wp-block-group has-global-padding is-layout-constrained wp-container-core-group-is-layout-c5292bcf wp-block-group-is-layout-constrained\" style=\"padding-top:var(--wp--preset--spacing--60);padding-right:var(--wp--preset--spacing--30);padding-bottom:var(--wp--preset--spacing--60);padding-left:var(--wp--preset--spacing--30)\">\n<div class=\"wp-block-columns alignwide is-layout-flex wp-container-core-columns-is-layout-51c0b34d wp-block-columns-is-layout-flex\" style=\"padding-top:var(--wp--preset--spacing--50);padding-bottom:var(--wp--preset--spacing--50)\">\n<div class=\"wp-block-column is-layout-flow wp-block-column-is-layout-flow\" style=\"flex-basis:100%\">\n<figure class=\"wp-block-gallery has-nested-images columns-2 is-cropped wp-block-gallery-10 is-layout-flex wp-block-gallery-is-layout-flex\">\n<figure class=\"wp-block-image size-large\"><img loading=\"lazy\" decoding=\"async\" width=\"1024\" height=\"1017\" data-id=\"11354\" src=\"http:\/\/lapalma.apanymantel.info\/wp-content\/uploads\/2025\/06\/coca-de-sant-joan-1024x1017.jpeg\" alt=\"Coca de Sant Joan\" class=\"wp-image-11354\" srcset=\"https:\/\/pastisserialapalma.com\/wp-content\/uploads\/2025\/06\/coca-de-sant-joan-1024x1017.jpeg 1024w, https:\/\/pastisserialapalma.com\/wp-content\/uploads\/2025\/06\/coca-de-sant-joan-300x298.jpeg 300w, https:\/\/pastisserialapalma.com\/wp-content\/uploads\/2025\/06\/coca-de-sant-joan-150x150.jpeg 150w, https:\/\/pastisserialapalma.com\/wp-content\/uploads\/2025\/06\/coca-de-sant-joan-768x763.jpeg 768w, https:\/\/pastisserialapalma.com\/wp-content\/uploads\/2025\/06\/coca-de-sant-joan-12x12.jpeg 12w, https:\/\/pastisserialapalma.com\/wp-content\/uploads\/2025\/06\/coca-de-sant-joan.jpeg 1290w\" sizes=\"auto, (max-width: 1024px) 100vw, 1024px\" \/><\/figure>\n<\/figure>\n<\/div>\n\n\n\n<div class=\"wp-block-column is-layout-flow wp-block-column-is-layout-flow\" style=\"flex-basis:100%\">\n<h2 class=\"wp-block-heading alignwide\">Sant Joan<\/h2>\n\n\n\n<hr class=\"wp-block-separator has-text-color has-custom-calabaza-color has-alpha-channel-opacity has-custom-calabaza-background-color has-background\"\/>\n\n\n\n<p class=\"translation-block\">La festivitat de <strong>Sant Joan<\/strong>, celebrada a Catalunya la nit del 23 al 24 de juny, coincideix amb el solstici d'estiu i est\u00e0 marcada per fogueres, focs d'artifici i m\u00fasica popular. Simbolitza la renovaci\u00f3 i purificaci\u00f3 a trav\u00e9s del foc. La tradici\u00f3 de menjar <strong>Coques de Sant Joan<\/strong> prov\u00e9 d'antigues ofrenes de pa rod\u00f3 als d\u00e9us solars, associades al culte al sol i la fertilitat. Amb el temps, aquestes coques es van transformar en dol\u00e7os festius, coronats amb fruites confitades i pinyons.<\/p>\n\n\n\n<p class=\"translation-block\">A <strong>Pastisseria La Palma<\/strong>, elaborem les millors coques de Sant Joan i durant els dies previs a aquesta festivitat podr\u00e0s encarregar-les a la nostra <a href=\"https:\/\/botiga-online.pastisserialapalma.com\/\" data-type=\"link\" data-id=\"https:\/\/botiga-online.pastisserialapalma.com\/\" target=\"_self\">botiga en l\u00ednia<\/a> per lliurar a domicili o recollir a la botiga.<\/p>\n<\/div>\n<\/div>\n<\/div>","protected":false},"excerpt":{"rendered":"<p>Elaboramos pasteles y dulces tradicionales para Reyes, Cuaresma, Pascua, San Juan, la casta\u00f1ada, navidad y a\u00f1o nuevo.En Navidad, aparte de postres y dulces, preparamos bandejas de catering, y cestas y lotes con productos de calidad suprema. Adem\u00e1s de estos d\u00edas, tambi\u00e9n hay otras diadas m\u00e1s peque\u00f1itas en las que nos gusta innovar y preparar alguna [&hellip;]<\/p>\n","protected":false},"author":1,"featured_media":0,"parent":11024,"menu_order":3,"comment_status":"closed","ping_status":"closed","template":"","meta":{"footnotes":""},"class_list":["post-11063","page","type-page","status-publish","hentry"],"jetpack_sharing_enabled":true,"_links":{"self":[{"href":"http:\/\/pastisserialapalma.com\/cat\/wp-json\/wp\/v2\/pages\/11063","targetHints":{"allow":["GET"]}}],"collection":[{"href":"http:\/\/pastisserialapalma.com\/cat\/wp-json\/wp\/v2\/pages"}],"about":[{"href":"http:\/\/pastisserialapalma.com\/cat\/wp-json\/wp\/v2\/types\/page"}],"author":[{"embeddable":true,"href":"http:\/\/pastisserialapalma.com\/cat\/wp-json\/wp\/v2\/users\/1"}],"replies":[{"embeddable":true,"href":"http:\/\/pastisserialapalma.com\/cat\/wp-json\/wp\/v2\/comments?post=11063"}],"version-history":[{"count":79,"href":"http:\/\/pastisserialapalma.com\/cat\/wp-json\/wp\/v2\/pages\/11063\/revisions"}],"predecessor-version":[{"id":11389,"href":"http:\/\/pastisserialapalma.com\/cat\/wp-json\/wp\/v2\/pages\/11063\/revisions\/11389"}],"up":[{"embeddable":true,"href":"http:\/\/pastisserialapalma.com\/cat\/wp-json\/wp\/v2\/pages\/11024"}],"wp:attachment":[{"href":"http:\/\/pastisserialapalma.com\/cat\/wp-json\/wp\/v2\/media?parent=11063"}],"curies":[{"name":"wp","href":"https:\/\/api.w.org\/{rel}","templated":true}]}}