{"id":11047,"date":"2025-09-12T11:34:34","date_gmt":"2025-09-12T09:34:34","guid":{"rendered":"http:\/\/lapalma.apanymantel.info\/?page_id=11047"},"modified":"2025-09-30T17:21:44","modified_gmt":"2025-09-30T15:21:44","slug":"pasteleria","status":"publish","type":"page","link":"http:\/\/pastisserialapalma.com\/cat\/productos\/pasteleria\/","title":{"rendered":"Pastisseria"},"content":{"rendered":"<hr class=\"wp-block-separator has-text-color has-custom-calabaza-color has-alpha-channel-opacity has-custom-calabaza-background-color has-background\"\/>\n\n\n\n<div class=\"wp-block-group has-global-padding is-layout-constrained wp-container-core-group-is-layout-ff778368 wp-block-group-is-layout-constrained\" style=\"padding-right:var(--wp--preset--spacing--30);padding-left:var(--wp--preset--spacing--30)\">\n<p>La pastisseria \u00e9s la principal activitat del nostre obrador i l'assortiment \u00e9s realment espectacular.<\/p>\n\n\n\n<p>A continuaci\u00f3 pots veure les diferents categories de producte de pastisseria que elaborem a la pastisseria La Palma. <\/p>\n\n\n\n<p class=\"translation-block\">Alguns productes estan disponibles tot l\u00b4any, per\u00f2 altres categories s\u00f3n estacionals i segons l\u00b4\u00e8poca de l\u00b4any, les tenim disponibles o no. Per aquesta ra\u00f3 potser no les trobes totes a la <a href=\"https:\/\/botiga-online.pastisserialapalma.com\/\" target=\"_self\">botiga en l\u00ednia<\/a><\/p>\n<\/div>\n\n\n\n<div class=\"wp-block-group alignfull has-global-padding is-layout-constrained wp-block-group-is-layout-constrained\" style=\"margin-top:0;margin-bottom:0;padding-top:var(--wp--preset--spacing--50);padding-bottom:var(--wp--preset--spacing--50)\">\n<div class=\"wp-block-group alignwide is-layout-grid wp-container-core-group-is-layout-1110c56c wp-block-group-is-layout-grid\">\n<div class=\"wp-block-group is-style-section-3 has-global-padding is-layout-constrained wp-block-group-is-layout-constrained is-style-section-3--1\" style=\"min-height:180px\">\n<div class=\"wp-block-group is-style-section-2 has-custom-blanco-c-lido-color has-custom-calabaza-background-color has-text-color has-background has-link-color wp-elements-a7900f56d74f62cae600864311c6cb67 is-vertical is-content-justification-center is-layout-flex wp-container-core-group-is-layout-fa589ca4 wp-block-group-is-layout-flex is-style-section-2--2\" style=\"min-height:100%;padding-top:0;padding-right:var(--wp--preset--spacing--20);padding-bottom:0;padding-left:var(--wp--preset--spacing--20)\">\n<h2 class=\"wp-block-heading has-text-align-center has-custom-blanco-c-lido-color has-text-color has-link-color has-large-font-size wp-elements-c903a2a0fae776bd197b3c90cda516fa\">Gaudeix amb la nostra gran varietat de productes!!<\/h2>\n<\/div>\n<\/div>\n\n\n\n<div class=\"wp-block-cover is-light has-custom-content-position is-position-bottom-center small-category has-aspect-ratio\" style=\"padding-top:0;padding-right:0;padding-bottom:0;padding-left:0;aspect-ratio:1;min-height:unset;\" id=\"product-category\"><img loading=\"lazy\" decoding=\"async\" width=\"800\" height=\"637\" class=\"wp-block-cover__image-background wp-image-11032 size-full\" alt=\"\" src=\"http:\/\/lapalma.apanymantel.info\/wp-content\/uploads\/2025\/09\/pasteles.webp\" data-object-fit=\"cover\" srcset=\"https:\/\/pastisserialapalma.com\/wp-content\/uploads\/2025\/09\/pasteles.webp 800w, https:\/\/pastisserialapalma.com\/wp-content\/uploads\/2025\/09\/pasteles-300x239.webp 300w, https:\/\/pastisserialapalma.com\/wp-content\/uploads\/2025\/09\/pasteles-768x612.webp 768w, https:\/\/pastisserialapalma.com\/wp-content\/uploads\/2025\/09\/pasteles-15x12.webp 15w\" sizes=\"auto, (max-width: 800px) 100vw, 800px\" \/><span aria-hidden=\"true\" class=\"wp-block-cover__background has-custom-blanco-c-lido-background-color has-background-dim-0 has-background-dim\"><\/span><div class=\"wp-block-cover__inner-container has-global-padding is-layout-constrained wp-container-core-cover-is-layout-639b5052 wp-block-cover-is-layout-constrained\">\n<div class=\"wp-block-group has-custom-blanco-c-lido-background-color has-background is-content-justification-center is-nowrap is-layout-flex wp-container-core-group-is-layout-99bd6245 wp-block-group-is-layout-flex\" style=\"padding-top:0;padding-bottom:0\">\n<p class=\"is-style-default has-custom-calabaza-color has-text-color has-link-color has-medium-font-size wp-elements-60c875ae605fe95a44e5bf17cc35439b wp-container-content-9cfa9a5a\"><strong><a href=\"https:\/\/botiga-online.pastisserialapalma.com\/@@articles?category=pasteles\" target=\"_blank\" rel=\"noreferrer noopener\">PASTISSOS<\/a><\/strong><\/p>\n<\/div>\n<\/div><\/div>\n\n\n\n<div class=\"wp-block-cover is-light has-custom-content-position is-position-bottom-center small-category has-aspect-ratio\" style=\"padding-top:0;padding-right:0;padding-bottom:0;padding-left:0;aspect-ratio:1;min-height:unset;\" id=\"product-category\"><img loading=\"lazy\" decoding=\"async\" width=\"800\" height=\"871\" class=\"wp-block-cover__image-background wp-image-11088 size-full\" alt=\"milhojas de crema\" src=\"http:\/\/lapalma.apanymantel.info\/wp-content\/uploads\/2025\/09\/pasteles-clasicos.jpg\" data-object-fit=\"cover\" srcset=\"https:\/\/pastisserialapalma.com\/wp-content\/uploads\/2025\/09\/pasteles-clasicos.jpg 800w, https:\/\/pastisserialapalma.com\/wp-content\/uploads\/2025\/09\/pasteles-clasicos-276x300.jpg 276w, https:\/\/pastisserialapalma.com\/wp-content\/uploads\/2025\/09\/pasteles-clasicos-768x836.jpg 768w, https:\/\/pastisserialapalma.com\/wp-content\/uploads\/2025\/09\/pasteles-clasicos-11x12.jpg 11w\" sizes=\"auto, (max-width: 800px) 100vw, 800px\" \/><span aria-hidden=\"true\" class=\"wp-block-cover__background has-custom-blanco-c-lido-background-color has-background-dim-0 has-background-dim\"><\/span><div class=\"wp-block-cover__inner-container has-global-padding is-layout-constrained wp-container-core-cover-is-layout-639b5052 wp-block-cover-is-layout-constrained\">\n<div class=\"wp-block-group has-custom-blanco-c-lido-background-color has-background is-content-justification-center is-nowrap is-layout-flex wp-container-core-group-is-layout-99bd6245 wp-block-group-is-layout-flex\" style=\"padding-top:0;padding-bottom:0\">\n<p class=\"is-style-default has-custom-calabaza-color has-text-color has-link-color has-medium-font-size wp-elements-f30c6f8a93268b37347a0fbc0b11cffd wp-container-content-9cfa9a5a\"><strong><a href=\"https:\/\/botiga-online.pastisserialapalma.com\/@@articles?category=pasteles-clasicos\" target=\"_blank\" rel=\"noreferrer noopener\">PASTISSOS CL\u00c0SSICS<\/a><\/strong><\/p>\n<\/div>\n<\/div><\/div>\n\n\n\n<div class=\"wp-block-cover is-light has-custom-content-position is-position-bottom-center small-category has-aspect-ratio\" style=\"padding-top:0;padding-right:0;padding-bottom:0;padding-left:0;aspect-ratio:1;min-height:unset;\" id=\"product-category\"><img loading=\"lazy\" decoding=\"async\" width=\"800\" height=\"695\" class=\"wp-block-cover__image-background wp-image-11091 size-full\" alt=\"Mousses\" src=\"http:\/\/lapalma.apanymantel.info\/wp-content\/uploads\/2025\/09\/mousses.jpg\" data-object-fit=\"cover\" srcset=\"https:\/\/pastisserialapalma.com\/wp-content\/uploads\/2025\/09\/mousses.jpg 800w, https:\/\/pastisserialapalma.com\/wp-content\/uploads\/2025\/09\/mousses-300x261.jpg 300w, https:\/\/pastisserialapalma.com\/wp-content\/uploads\/2025\/09\/mousses-768x667.jpg 768w, https:\/\/pastisserialapalma.com\/wp-content\/uploads\/2025\/09\/mousses-14x12.jpg 14w\" sizes=\"auto, (max-width: 800px) 100vw, 800px\" \/><span aria-hidden=\"true\" class=\"wp-block-cover__background has-custom-blanco-c-lido-background-color has-background-dim-0 has-background-dim\"><\/span><div class=\"wp-block-cover__inner-container has-global-padding is-layout-constrained wp-container-core-cover-is-layout-639b5052 wp-block-cover-is-layout-constrained\">\n<div class=\"wp-block-group has-custom-blanco-c-lido-background-color has-background is-content-justification-center is-nowrap is-layout-flex wp-container-core-group-is-layout-99bd6245 wp-block-group-is-layout-flex\" style=\"padding-top:0;padding-bottom:0\">\n<p class=\"is-style-default has-custom-calabaza-color has-text-color has-link-color has-medium-font-size wp-elements-0cb24f7ae1700385df23f11ac9c5c022 wp-container-content-9cfa9a5a\"><strong><a href=\"https:\/\/botiga-online.pastisserialapalma.com\/@@articles?category=mousses\" target=\"_blank\" rel=\"noreferrer noopener\">MOUSSES<\/a><\/strong><\/p>\n<\/div>\n<\/div><\/div>\n\n\n\n<div class=\"wp-block-cover is-light has-custom-content-position is-position-bottom-center small-category has-aspect-ratio\" style=\"padding-top:0;padding-right:0;padding-bottom:0;padding-left:0;aspect-ratio:1;min-height:unset;\" id=\"product-category\"><img loading=\"lazy\" decoding=\"async\" width=\"300\" height=\"300\" class=\"wp-block-cover__image-background wp-image-11094 size-full\" alt=\"Pasteles creativos para cumplea\u00f1os\" src=\"http:\/\/lapalma.apanymantel.info\/wp-content\/uploads\/2025\/09\/pasteles-creativos.jpg\" data-object-fit=\"cover\" srcset=\"https:\/\/pastisserialapalma.com\/wp-content\/uploads\/2025\/09\/pasteles-creativos.jpg 300w, https:\/\/pastisserialapalma.com\/wp-content\/uploads\/2025\/09\/pasteles-creativos-150x150.jpg 150w, https:\/\/pastisserialapalma.com\/wp-content\/uploads\/2025\/09\/pasteles-creativos-12x12.jpg 12w\" sizes=\"auto, (max-width: 300px) 100vw, 300px\" \/><span aria-hidden=\"true\" class=\"wp-block-cover__background has-custom-blanco-c-lido-background-color has-background-dim-0 has-background-dim\"><\/span><div class=\"wp-block-cover__inner-container has-global-padding is-layout-constrained wp-container-core-cover-is-layout-639b5052 wp-block-cover-is-layout-constrained\">\n<div class=\"wp-block-group has-custom-blanco-c-lido-background-color has-background is-content-justification-center is-nowrap is-layout-flex wp-container-core-group-is-layout-99bd6245 wp-block-group-is-layout-flex\" style=\"padding-top:0;padding-bottom:0\">\n<p class=\"is-style-default has-custom-calabaza-color has-text-color has-link-color has-medium-font-size wp-elements-d33cf92ae76467cd51c815dda389fe71 wp-container-content-9cfa9a5a\"><strong><a href=\"https:\/\/botiga-online.pastisserialapalma.com\/@@articles?category=pasteles-creativos\" target=\"_blank\" rel=\"noreferrer noopener\">PASTISSOS CREATIUS<\/a><\/strong><\/p>\n<\/div>\n<\/div><\/div>\n\n\n\n<div class=\"wp-block-cover is-light has-custom-content-position is-position-bottom-center small-category has-aspect-ratio\" style=\"padding-top:0;padding-right:0;padding-bottom:0;padding-left:0;aspect-ratio:1;min-height:unset;\" id=\"product-category\"><img loading=\"lazy\" decoding=\"async\" width=\"300\" height=\"300\" class=\"wp-block-cover__image-background wp-image-11107 size-full\" alt=\"\" src=\"http:\/\/lapalma.apanymantel.info\/wp-content\/uploads\/2025\/09\/productos-personalizados.jpg\" data-object-fit=\"cover\" srcset=\"https:\/\/pastisserialapalma.com\/wp-content\/uploads\/2025\/09\/productos-personalizados.jpg 300w, https:\/\/pastisserialapalma.com\/wp-content\/uploads\/2025\/09\/productos-personalizados-150x150.jpg 150w, https:\/\/pastisserialapalma.com\/wp-content\/uploads\/2025\/09\/productos-personalizados-12x12.jpg 12w\" sizes=\"auto, (max-width: 300px) 100vw, 300px\" \/><span aria-hidden=\"true\" class=\"wp-block-cover__background has-custom-blanco-c-lido-background-color has-background-dim-0 has-background-dim\"><\/span><div class=\"wp-block-cover__inner-container has-global-padding is-layout-constrained wp-container-core-cover-is-layout-639b5052 wp-block-cover-is-layout-constrained\">\n<div class=\"wp-block-group has-custom-blanco-c-lido-background-color has-background is-content-justification-center is-nowrap is-layout-flex wp-container-core-group-is-layout-99bd6245 wp-block-group-is-layout-flex\" style=\"padding-top:0;padding-bottom:0\">\n<p class=\"is-style-default has-custom-calabaza-color has-text-color has-link-color has-medium-font-size wp-elements-957f9fe69fd148738d1a52cfa7f6a084 wp-container-content-9cfa9a5a\"><strong><a href=\"https:\/\/botiga-online.pastisserialapalma.com\/@@articles?category=pasteles-tartas-con-foto\" target=\"_blank\" rel=\"noreferrer noopener\">PRODUCTES PERSONALITZATS<\/a><\/strong><\/p>\n<\/div>\n<\/div><\/div>\n\n\n\n<div class=\"wp-block-cover is-light has-custom-content-position is-position-bottom-center small-category has-aspect-ratio\" style=\"padding-top:0;padding-right:0;padding-bottom:0;padding-left:0;aspect-ratio:1;min-height:unset;\" id=\"product-category\"><img loading=\"lazy\" decoding=\"async\" width=\"300\" height=\"300\" class=\"wp-block-cover__image-background wp-image-11102 size-full\" alt=\"COOKIES\" src=\"http:\/\/lapalma.apanymantel.info\/wp-content\/uploads\/2025\/09\/cookies.jpg\" data-object-fit=\"cover\" srcset=\"https:\/\/pastisserialapalma.com\/wp-content\/uploads\/2025\/09\/cookies.jpg 300w, https:\/\/pastisserialapalma.com\/wp-content\/uploads\/2025\/09\/cookies-150x150.jpg 150w, https:\/\/pastisserialapalma.com\/wp-content\/uploads\/2025\/09\/cookies-12x12.jpg 12w\" sizes=\"auto, (max-width: 300px) 100vw, 300px\" \/><span aria-hidden=\"true\" class=\"wp-block-cover__background has-custom-blanco-c-lido-background-color has-background-dim-0 has-background-dim\"><\/span><div class=\"wp-block-cover__inner-container has-global-padding is-layout-constrained wp-container-core-cover-is-layout-639b5052 wp-block-cover-is-layout-constrained\">\n<div class=\"wp-block-group has-custom-blanco-c-lido-background-color has-background is-content-justification-center is-nowrap is-layout-flex wp-container-core-group-is-layout-99bd6245 wp-block-group-is-layout-flex\" style=\"padding-top:0;padding-bottom:0\">\n<p class=\"is-style-default has-custom-calabaza-color has-text-color has-link-color has-medium-font-size wp-elements-36948c1061692139915eb6d3c8151417 wp-container-content-9cfa9a5a\"><strong><a href=\"https:\/\/botiga-online.pastisserialapalma.com\/@@articles?category=cookies-mini-magdalenas\" data-type=\"link\" data-id=\"https:\/\/botiga-online.pastisserialapalma.com\/@@articles?category=cookies-mini-magdalenas\" target=\"_blank\" rel=\"noreferrer noopener\">COOKIES<\/a><\/strong><\/p>\n<\/div>\n<\/div><\/div>\n\n\n\n<div class=\"wp-block-cover is-light has-custom-content-position is-position-bottom-center small-category has-aspect-ratio\" style=\"padding-top:0;padding-right:0;padding-bottom:0;padding-left:0;aspect-ratio:1;min-height:unset;\" id=\"product-category\"><img loading=\"lazy\" decoding=\"async\" width=\"300\" height=\"300\" class=\"wp-block-cover__image-background wp-image-11106 size-full\" alt=\"\" src=\"http:\/\/lapalma.apanymantel.info\/wp-content\/uploads\/2025\/09\/mini-magdalenas.jpg\" data-object-fit=\"cover\" srcset=\"https:\/\/pastisserialapalma.com\/wp-content\/uploads\/2025\/09\/mini-magdalenas.jpg 300w, https:\/\/pastisserialapalma.com\/wp-content\/uploads\/2025\/09\/mini-magdalenas-150x150.jpg 150w, https:\/\/pastisserialapalma.com\/wp-content\/uploads\/2025\/09\/mini-magdalenas-12x12.jpg 12w\" sizes=\"auto, (max-width: 300px) 100vw, 300px\" \/><span aria-hidden=\"true\" class=\"wp-block-cover__background has-custom-blanco-c-lido-background-color has-background-dim-0 has-background-dim\"><\/span><div class=\"wp-block-cover__inner-container has-global-padding is-layout-constrained wp-container-core-cover-is-layout-639b5052 wp-block-cover-is-layout-constrained\">\n<div class=\"wp-block-group has-custom-blanco-c-lido-background-color has-background is-content-justification-center is-nowrap is-layout-flex wp-container-core-group-is-layout-99bd6245 wp-block-group-is-layout-flex\" style=\"padding-top:0;padding-bottom:0\">\n<p class=\"is-style-default has-custom-calabaza-color has-text-color has-link-color has-medium-font-size wp-elements-540d19ed3e24b71612e76b36d475e5a6 wp-container-content-9cfa9a5a\"><strong><a href=\"https:\/\/botiga-online.pastisserialapalma.com\/@@articles?category=cookies-mini-magdalenas\" target=\"_blank\" rel=\"noreferrer noopener\">MINI MAGDALENES<\/a><\/strong><\/p>\n<\/div>\n<\/div><\/div>\n\n\n\n<div class=\"wp-block-cover is-light has-custom-content-position is-position-bottom-center small-category has-aspect-ratio\" style=\"padding-top:0;padding-right:0;padding-bottom:0;padding-left:0;aspect-ratio:1;min-height:unset;\" id=\"product-category\"><img loading=\"lazy\" decoding=\"async\" width=\"300\" height=\"300\" class=\"wp-block-cover__image-background wp-image-11095 size-full\" alt=\"\" src=\"http:\/\/lapalma.apanymantel.info\/wp-content\/uploads\/2025\/09\/bizcochos.jpg\" data-object-fit=\"cover\" srcset=\"https:\/\/pastisserialapalma.com\/wp-content\/uploads\/2025\/09\/bizcochos.jpg 300w, https:\/\/pastisserialapalma.com\/wp-content\/uploads\/2025\/09\/bizcochos-150x150.jpg 150w, https:\/\/pastisserialapalma.com\/wp-content\/uploads\/2025\/09\/bizcochos-12x12.jpg 12w\" sizes=\"auto, (max-width: 300px) 100vw, 300px\" \/><span aria-hidden=\"true\" class=\"wp-block-cover__background has-custom-blanco-c-lido-background-color has-background-dim-0 has-background-dim\"><\/span><div class=\"wp-block-cover__inner-container has-global-padding is-layout-constrained wp-container-core-cover-is-layout-639b5052 wp-block-cover-is-layout-constrained\">\n<div class=\"wp-block-group has-custom-blanco-c-lido-background-color has-background is-content-justification-center is-nowrap is-layout-flex wp-container-core-group-is-layout-99bd6245 wp-block-group-is-layout-flex\" style=\"padding-top:0;padding-bottom:0\">\n<p class=\"is-style-default has-custom-calabaza-color has-text-color has-link-color has-medium-font-size wp-elements-e8df8eed467bbbcfc3435117083ae1d0 wp-container-content-9cfa9a5a\"><strong><a href=\"https:\/\/botiga-online.pastisserialapalma.com\/@@articles?category=cookies-mini-magdalenas\" target=\"_blank\" rel=\"noreferrer noopener\">PA DE PESSIC<\/a><\/strong><\/p>\n<\/div>\n<\/div><\/div>\n\n\n\n<div class=\"wp-block-cover is-light has-custom-content-position is-position-bottom-center small-category has-aspect-ratio\" style=\"padding-top:0;padding-right:0;padding-bottom:0;padding-left:0;aspect-ratio:1;min-height:unset;\" id=\"product-category\"><img loading=\"lazy\" decoding=\"async\" width=\"300\" height=\"300\" class=\"wp-block-cover__image-background wp-image-11101 size-full\" alt=\"pastelitos\" src=\"http:\/\/lapalma.apanymantel.info\/wp-content\/uploads\/2025\/09\/pastelitos.jpg\" data-object-fit=\"cover\" srcset=\"https:\/\/pastisserialapalma.com\/wp-content\/uploads\/2025\/09\/pastelitos.jpg 300w, https:\/\/pastisserialapalma.com\/wp-content\/uploads\/2025\/09\/pastelitos-150x150.jpg 150w, https:\/\/pastisserialapalma.com\/wp-content\/uploads\/2025\/09\/pastelitos-12x12.jpg 12w\" sizes=\"auto, (max-width: 300px) 100vw, 300px\" \/><span aria-hidden=\"true\" class=\"wp-block-cover__background has-custom-blanco-c-lido-background-color has-background-dim-0 has-background-dim\"><\/span><div class=\"wp-block-cover__inner-container has-global-padding is-layout-constrained wp-container-core-cover-is-layout-639b5052 wp-block-cover-is-layout-constrained\">\n<div class=\"wp-block-group has-custom-blanco-c-lido-background-color has-background is-content-justification-center is-nowrap is-layout-flex wp-container-core-group-is-layout-99bd6245 wp-block-group-is-layout-flex\" style=\"padding-top:0;padding-bottom:0\">\n<p class=\"is-style-default has-custom-calabaza-color has-text-color has-link-color has-medium-font-size wp-elements-83d2f85c6651f4de07dbc4448fb8180b wp-container-content-9cfa9a5a\"><strong><a href=\"https:\/\/botiga-online.pastisserialapalma.com\/@@articles?category=rebosteria-pastelitos\" target=\"_blank\" rel=\"noreferrer noopener\">REBOSTERIA<\/a><\/strong><\/p>\n<\/div>\n<\/div><\/div>\n\n\n\n<div class=\"wp-block-cover is-light has-custom-content-position is-position-bottom-center small-category has-aspect-ratio\" style=\"padding-top:0;padding-right:0;padding-bottom:0;padding-left:0;aspect-ratio:1;min-height:unset;\" id=\"product-category\"><img loading=\"lazy\" decoding=\"async\" width=\"300\" height=\"300\" class=\"wp-block-cover__image-background wp-image-11097 size-full\" alt=\"Productos sin gluten\" src=\"http:\/\/lapalma.apanymantel.info\/wp-content\/uploads\/2025\/09\/productos-sin-gluten.jpg\" data-object-fit=\"cover\" srcset=\"https:\/\/pastisserialapalma.com\/wp-content\/uploads\/2025\/09\/productos-sin-gluten.jpg 300w, https:\/\/pastisserialapalma.com\/wp-content\/uploads\/2025\/09\/productos-sin-gluten-150x150.jpg 150w, https:\/\/pastisserialapalma.com\/wp-content\/uploads\/2025\/09\/productos-sin-gluten-12x12.jpg 12w\" sizes=\"auto, (max-width: 300px) 100vw, 300px\" \/><span aria-hidden=\"true\" class=\"wp-block-cover__background has-custom-blanco-c-lido-background-color has-background-dim-0 has-background-dim\"><\/span><div class=\"wp-block-cover__inner-container has-global-padding is-layout-constrained wp-container-core-cover-is-layout-639b5052 wp-block-cover-is-layout-constrained\">\n<div class=\"wp-block-group has-custom-blanco-c-lido-background-color has-background is-content-justification-center is-nowrap is-layout-flex wp-container-core-group-is-layout-99bd6245 wp-block-group-is-layout-flex\" style=\"padding-top:0;padding-bottom:0\">\n<p class=\"is-style-default has-custom-calabaza-color has-text-color has-link-color has-medium-font-size wp-elements-ad8b117d9700e0e38c6cc90c119c5018 wp-container-content-9cfa9a5a\"><strong><a href=\"https:\/\/botiga-online.pastisserialapalma.com\/@@articles?category=productos-sin-gluten\" target=\"_blank\" rel=\"noreferrer noopener\">PASTES SENSE GLUTEN<\/a><\/strong><\/p>\n<\/div>\n<\/div><\/div>\n\n\n\n<div class=\"wp-block-cover is-light has-custom-content-position is-position-bottom-center small-category has-aspect-ratio\" style=\"padding-top:0;padding-right:0;padding-bottom:0;padding-left:0;aspect-ratio:1;min-height:unset;\" id=\"product-category\"><img loading=\"lazy\" decoding=\"async\" width=\"300\" height=\"300\" class=\"wp-block-cover__image-background wp-image-11103 size-full\" alt=\"\" src=\"http:\/\/lapalma.apanymantel.info\/wp-content\/uploads\/2025\/09\/productos-sin-azucar.jpg\" data-object-fit=\"cover\" srcset=\"https:\/\/pastisserialapalma.com\/wp-content\/uploads\/2025\/09\/productos-sin-azucar.jpg 300w, https:\/\/pastisserialapalma.com\/wp-content\/uploads\/2025\/09\/productos-sin-azucar-150x150.jpg 150w, https:\/\/pastisserialapalma.com\/wp-content\/uploads\/2025\/09\/productos-sin-azucar-12x12.jpg 12w\" sizes=\"auto, (max-width: 300px) 100vw, 300px\" \/><span aria-hidden=\"true\" class=\"wp-block-cover__background has-custom-blanco-c-lido-background-color has-background-dim-0 has-background-dim\"><\/span><div class=\"wp-block-cover__inner-container has-global-padding is-layout-constrained wp-container-core-cover-is-layout-639b5052 wp-block-cover-is-layout-constrained\">\n<div class=\"wp-block-group has-custom-blanco-c-lido-background-color has-background is-content-justification-center is-nowrap is-layout-flex wp-container-core-group-is-layout-99bd6245 wp-block-group-is-layout-flex\" style=\"padding-top:0;padding-bottom:0\">\n<p class=\"is-style-default has-custom-calabaza-color has-text-color has-link-color has-medium-font-size wp-elements-ee7432eefa5bd30854ad55a73c00ae06 wp-container-content-9cfa9a5a\"><strong><a href=\"https:\/\/botiga-online.pastisserialapalma.com\/@@articles?category=productos-sin-azucar\" target=\"_blank\" rel=\"noreferrer noopener\">PASTES SENSE SUCRE<\/a><\/strong><\/p>\n<\/div>\n<\/div><\/div>\n\n\n\n<div class=\"wp-block-cover is-light has-custom-content-position is-position-bottom-center small-category has-aspect-ratio\" style=\"padding-top:0;padding-right:0;padding-bottom:0;padding-left:0;aspect-ratio:1;min-height:unset;\" id=\"product-category\"><img loading=\"lazy\" decoding=\"async\" width=\"300\" height=\"300\" class=\"wp-block-cover__image-background wp-image-11105 size-full\" alt=\"muffins veganos\" src=\"http:\/\/lapalma.apanymantel.info\/wp-content\/uploads\/2025\/09\/productos-veganos.jpg\" data-object-fit=\"cover\" srcset=\"https:\/\/pastisserialapalma.com\/wp-content\/uploads\/2025\/09\/productos-veganos.jpg 300w, https:\/\/pastisserialapalma.com\/wp-content\/uploads\/2025\/09\/productos-veganos-150x150.jpg 150w, https:\/\/pastisserialapalma.com\/wp-content\/uploads\/2025\/09\/productos-veganos-12x12.jpg 12w\" sizes=\"auto, (max-width: 300px) 100vw, 300px\" \/><span aria-hidden=\"true\" class=\"wp-block-cover__background has-custom-blanco-c-lido-background-color has-background-dim-0 has-background-dim\"><\/span><div class=\"wp-block-cover__inner-container has-global-padding is-layout-constrained wp-container-core-cover-is-layout-639b5052 wp-block-cover-is-layout-constrained\">\n<div class=\"wp-block-group has-custom-blanco-c-lido-background-color has-background is-content-justification-center is-nowrap is-layout-flex wp-container-core-group-is-layout-99bd6245 wp-block-group-is-layout-flex\" style=\"padding-top:0;padding-bottom:0\">\n<p class=\"is-style-default has-custom-calabaza-color has-text-color has-link-color has-medium-font-size wp-elements-6c425200465bcd5d8521cb59dcc5d4a6 wp-container-content-9cfa9a5a\"><strong><a href=\"https:\/\/botiga-online.pastisserialapalma.com\/@@articles?category=productos-veganos\" data-type=\"link\" data-id=\"https:\/\/botiga-online.pastisserialapalma.com\/@@articles?category=productos-veganos\" target=\"_blank\" rel=\"noreferrer noopener\">PASTISSERIA VEGANA<\/a><\/strong><\/p>\n<\/div>\n<\/div><\/div>\n\n\n\n<div class=\"wp-block-cover is-light has-custom-content-position is-position-bottom-center small-category has-aspect-ratio\" style=\"padding-top:0;padding-right:0;padding-bottom:0;padding-left:0;aspect-ratio:1;min-height:unset;\" id=\"product-category\"><img loading=\"lazy\" decoding=\"async\" width=\"300\" height=\"300\" class=\"wp-block-cover__image-background wp-image-11098 size-full\" alt=\"\" src=\"http:\/\/lapalma.apanymantel.info\/wp-content\/uploads\/2025\/09\/croissants-especiles.jpg\" data-object-fit=\"cover\" srcset=\"https:\/\/pastisserialapalma.com\/wp-content\/uploads\/2025\/09\/croissants-especiles.jpg 300w, https:\/\/pastisserialapalma.com\/wp-content\/uploads\/2025\/09\/croissants-especiles-150x150.jpg 150w, https:\/\/pastisserialapalma.com\/wp-content\/uploads\/2025\/09\/croissants-especiles-12x12.jpg 12w\" sizes=\"auto, (max-width: 300px) 100vw, 300px\" \/><span aria-hidden=\"true\" class=\"wp-block-cover__background has-custom-blanco-c-lido-background-color has-background-dim-0 has-background-dim\"><\/span><div class=\"wp-block-cover__inner-container has-global-padding is-layout-constrained wp-container-core-cover-is-layout-639b5052 wp-block-cover-is-layout-constrained\">\n<div class=\"wp-block-group has-custom-blanco-c-lido-background-color has-background is-content-justification-center is-nowrap is-layout-flex wp-container-core-group-is-layout-99bd6245 wp-block-group-is-layout-flex\" style=\"padding-top:0;padding-bottom:0\">\n<p class=\"is-style-default has-custom-calabaza-color has-text-color has-link-color has-medium-font-size wp-elements-919f753704fe64579c47f235c2c2dc0b wp-container-content-9cfa9a5a\"><strong><a href=\"https:\/\/botiga-online.pastisserialapalma.com\/@@articles?category=croissants-especiales-mantequilla\" target=\"_blank\" rel=\"noreferrer noopener\">CROISSANTS ESPECIALS<\/a><\/strong><\/p>\n<\/div>\n<\/div><\/div>\n\n\n\n<div class=\"wp-block-cover is-light has-custom-content-position is-position-bottom-center small-category has-aspect-ratio\" style=\"padding-top:0;padding-right:0;padding-bottom:0;padding-left:0;aspect-ratio:1;min-height:unset;\" id=\"product-category\"><img loading=\"lazy\" decoding=\"async\" width=\"300\" height=\"300\" class=\"wp-block-cover__image-background wp-image-11104 size-full\" alt=\"\" src=\"http:\/\/lapalma.apanymantel.info\/wp-content\/uploads\/2025\/09\/bento-cakes.jpg\" data-object-fit=\"cover\" srcset=\"https:\/\/pastisserialapalma.com\/wp-content\/uploads\/2025\/09\/bento-cakes.jpg 300w, https:\/\/pastisserialapalma.com\/wp-content\/uploads\/2025\/09\/bento-cakes-150x150.jpg 150w, https:\/\/pastisserialapalma.com\/wp-content\/uploads\/2025\/09\/bento-cakes-12x12.jpg 12w\" sizes=\"auto, (max-width: 300px) 100vw, 300px\" \/><span aria-hidden=\"true\" class=\"wp-block-cover__background has-custom-blanco-c-lido-background-color has-background-dim-0 has-background-dim\"><\/span><div class=\"wp-block-cover__inner-container has-global-padding is-layout-constrained wp-container-core-cover-is-layout-639b5052 wp-block-cover-is-layout-constrained\">\n<div class=\"wp-block-group has-custom-blanco-c-lido-background-color has-background is-content-justification-center is-nowrap is-layout-flex wp-container-core-group-is-layout-99bd6245 wp-block-group-is-layout-flex\" style=\"padding-top:0;padding-bottom:0\">\n<p class=\"is-style-default has-custom-calabaza-color has-text-color has-link-color has-medium-font-size wp-elements-9d7fc359412e39e5d0a92847030d4d7b wp-container-content-9cfa9a5a\"><strong><a href=\"https:\/\/botiga-online.pastisserialapalma.com\/@@articles?category=bento-cakes\" target=\"_blank\" rel=\"noreferrer noopener\">BENTO CAKES<\/a><\/strong><\/p>\n<\/div>\n<\/div><\/div>\n\n\n\n<div class=\"wp-block-cover is-light has-custom-content-position is-position-bottom-center small-category has-aspect-ratio\" style=\"padding-top:0;padding-right:0;padding-bottom:0;padding-left:0;aspect-ratio:1;min-height:unset;\" id=\"product-category\"><img loading=\"lazy\" decoding=\"async\" width=\"300\" height=\"300\" class=\"wp-block-cover__image-background wp-image-11099 size-full\" alt=\"\" src=\"http:\/\/lapalma.apanymantel.info\/wp-content\/uploads\/2025\/09\/bolleia.jpg\" data-object-fit=\"cover\" srcset=\"https:\/\/pastisserialapalma.com\/wp-content\/uploads\/2025\/09\/bolleia.jpg 300w, https:\/\/pastisserialapalma.com\/wp-content\/uploads\/2025\/09\/bolleia-150x150.jpg 150w, https:\/\/pastisserialapalma.com\/wp-content\/uploads\/2025\/09\/bolleia-12x12.jpg 12w\" sizes=\"auto, (max-width: 300px) 100vw, 300px\" \/><span aria-hidden=\"true\" class=\"wp-block-cover__background has-custom-blanco-c-lido-background-color has-background-dim-0 has-background-dim\"><\/span><div class=\"wp-block-cover__inner-container has-global-padding is-layout-constrained wp-container-core-cover-is-layout-639b5052 wp-block-cover-is-layout-constrained\">\n<div class=\"wp-block-group has-custom-blanco-c-lido-background-color has-background is-content-justification-center is-nowrap is-layout-flex wp-container-core-group-is-layout-99bd6245 wp-block-group-is-layout-flex\" style=\"padding-top:0;padding-bottom:0\">\n<p class=\"is-style-default has-custom-calabaza-color has-text-color has-link-color has-medium-font-size wp-elements-5d9e9b328678319c69919ae3d2469d67 wp-container-content-9cfa9a5a\"><strong><a href=\"https:\/\/botiga-online.pastisserialapalma.com\/@@articles?category=bolleria\" data-type=\"link\" data-id=\"https:\/\/botiga-online.pastisserialapalma.com\/@@articles?category=bolleria\" target=\"_blank\" rel=\"noreferrer noopener\">BRIOIXERIA<\/a><\/strong><\/p>\n<\/div>\n<\/div><\/div>\n\n\n\n<div class=\"wp-block-cover is-light has-custom-content-position is-position-bottom-center small-category has-aspect-ratio\" style=\"padding-top:0;padding-right:0;padding-bottom:0;padding-left:0;aspect-ratio:1;min-height:unset;\" id=\"product-category\"><img loading=\"lazy\" decoding=\"async\" width=\"300\" height=\"300\" class=\"wp-block-cover__image-background wp-image-11100 size-full\" alt=\"Pastas de t\u00e9\" src=\"http:\/\/lapalma.apanymantel.info\/wp-content\/uploads\/2025\/09\/pastas-de-te.jpg\" data-object-fit=\"cover\" srcset=\"https:\/\/pastisserialapalma.com\/wp-content\/uploads\/2025\/09\/pastas-de-te.jpg 300w, https:\/\/pastisserialapalma.com\/wp-content\/uploads\/2025\/09\/pastas-de-te-150x150.jpg 150w, https:\/\/pastisserialapalma.com\/wp-content\/uploads\/2025\/09\/pastas-de-te-12x12.jpg 12w\" sizes=\"auto, (max-width: 300px) 100vw, 300px\" \/><span aria-hidden=\"true\" class=\"wp-block-cover__background has-custom-blanco-c-lido-background-color has-background-dim-0 has-background-dim\"><\/span><div class=\"wp-block-cover__inner-container has-global-padding is-layout-constrained wp-container-core-cover-is-layout-639b5052 wp-block-cover-is-layout-constrained\">\n<div class=\"wp-block-group has-custom-blanco-c-lido-background-color has-background is-content-justification-center is-nowrap is-layout-flex wp-container-core-group-is-layout-99bd6245 wp-block-group-is-layout-flex\" style=\"padding-top:0;padding-bottom:0\">\n<p class=\"is-style-default has-custom-calabaza-color has-text-color has-link-color has-medium-font-size wp-elements-cd3a65cbbfcb0e48bfcfb12c8705a81f wp-container-content-9cfa9a5a\"><a href=\"https:\/\/botiga-online.pastisserialapalma.com\/@@articles?category=pastas-de-te\" data-type=\"link\" data-id=\"https:\/\/botiga-online.pastisserialapalma.com\/@@articles?category=pastas-de-te\" target=\"_blank\" rel=\"noreferrer noopener\">PASTES DE TE<\/a><\/p>\n<\/div>\n<\/div><\/div>\n\n\n\n<div class=\"wp-block-cover is-light has-custom-content-position is-position-bottom-center small-category has-aspect-ratio\" style=\"padding-top:0;padding-right:0;padding-bottom:0;padding-left:0;aspect-ratio:1;min-height:unset;\" id=\"product-category\"><img loading=\"lazy\" decoding=\"async\" width=\"300\" height=\"300\" class=\"wp-block-cover__image-background wp-image-11096 size-full\" alt=\"\" src=\"http:\/\/lapalma.apanymantel.info\/wp-content\/uploads\/2025\/09\/bombones-de-chocolate.jpg\" data-object-fit=\"cover\" srcset=\"https:\/\/pastisserialapalma.com\/wp-content\/uploads\/2025\/09\/bombones-de-chocolate.jpg 300w, https:\/\/pastisserialapalma.com\/wp-content\/uploads\/2025\/09\/bombones-de-chocolate-150x150.jpg 150w, https:\/\/pastisserialapalma.com\/wp-content\/uploads\/2025\/09\/bombones-de-chocolate-12x12.jpg 12w\" sizes=\"auto, (max-width: 300px) 100vw, 300px\" \/><span aria-hidden=\"true\" class=\"wp-block-cover__background has-custom-blanco-c-lido-background-color has-background-dim-0 has-background-dim\"><\/span><div class=\"wp-block-cover__inner-container has-global-padding is-layout-constrained wp-container-core-cover-is-layout-639b5052 wp-block-cover-is-layout-constrained\">\n<div class=\"wp-block-group has-custom-blanco-c-lido-background-color has-background is-content-justification-center is-nowrap is-layout-flex wp-container-core-group-is-layout-99bd6245 wp-block-group-is-layout-flex\" style=\"padding-top:0;padding-bottom:0\">\n<p class=\"is-style-default has-custom-calabaza-color has-text-color has-link-color has-medium-font-size wp-elements-52b7a06782e98f3575ec5c255ec7c8c7 wp-container-content-9cfa9a5a\"><a href=\"https:\/\/botiga-online.pastisserialapalma.com\/@@articles?category=bombones-chocolate\" data-type=\"link\" data-id=\"https:\/\/botiga-online.pastisserialapalma.com\/@@articles?category=bombones-chocolate\" target=\"_blank\" rel=\"noreferrer noopener\">BOMBONS I XOCOLATA<\/a><\/p>\n<\/div>\n<\/div><\/div>\n<\/div>\n<\/div>","protected":false},"excerpt":{"rendered":"<p>La pasteler\u00eda es la principal actividad e nuestro obrador y el surtido es realmente espectacular. A continuaci\u00f3n puedes ver las diferentes categor\u00edas de producto de pasteler\u00eda que elaboramos en pastisseria La Palma. Algunos productos est\u00e1n disponibles todo el a\u00f1o, pero otras categor\u00edas son estacionales y seg\u00fan la \u00e9poca del a\u00f1o, las tenemos disponibles o no. [&hellip;]<\/p>\n","protected":false},"author":1,"featured_media":0,"parent":11024,"menu_order":1,"comment_status":"closed","ping_status":"closed","template":"","meta":{"footnotes":""},"class_list":["post-11047","page","type-page","status-publish","hentry"],"jetpack_sharing_enabled":true,"_links":{"self":[{"href":"http:\/\/pastisserialapalma.com\/cat\/wp-json\/wp\/v2\/pages\/11047","targetHints":{"allow":["GET"]}}],"collection":[{"href":"http:\/\/pastisserialapalma.com\/cat\/wp-json\/wp\/v2\/pages"}],"about":[{"href":"http:\/\/pastisserialapalma.com\/cat\/wp-json\/wp\/v2\/types\/page"}],"author":[{"embeddable":true,"href":"http:\/\/pastisserialapalma.com\/cat\/wp-json\/wp\/v2\/users\/1"}],"replies":[{"embeddable":true,"href":"http:\/\/pastisserialapalma.com\/cat\/wp-json\/wp\/v2\/comments?post=11047"}],"version-history":[{"count":37,"href":"http:\/\/pastisserialapalma.com\/cat\/wp-json\/wp\/v2\/pages\/11047\/revisions"}],"predecessor-version":[{"id":11391,"href":"http:\/\/pastisserialapalma.com\/cat\/wp-json\/wp\/v2\/pages\/11047\/revisions\/11391"}],"up":[{"embeddable":true,"href":"http:\/\/pastisserialapalma.com\/cat\/wp-json\/wp\/v2\/pages\/11024"}],"wp:attachment":[{"href":"http:\/\/pastisserialapalma.com\/cat\/wp-json\/wp\/v2\/media?parent=11047"}],"curies":[{"name":"wp","href":"https:\/\/api.w.org\/{rel}","templated":true}]}}